{"id":47050,"date":"2025-11-29T10:22:02","date_gmt":"2025-11-29T09:22:02","guid":{"rendered":"https:\/\/helpfrontaliers.ch\/?page_id=47050"},"modified":"2026-04-08T19:54:34","modified_gmt":"2026-04-08T17:54:34","slug":"guides","status":"publish","type":"page","link":"https:\/\/helpfrontaliers.ch\/en\/guides\/","title":{"rendered":"Guides"},"content":{"rendered":"<div data-elementor-type=\"wp-page\" data-elementor-id=\"47050\" class=\"elementor elementor-47050\">\n\t\t\t\t\t\t<section class=\"elementor-section elementor-top-section elementor-element elementor-element-731ed5e3 elementor-section-boxed elementor-section-height-default elementor-section-height-default\" data-id=\"731ed5e3\" data-element_type=\"section\" data-e-type=\"section\" data-settings=\"{&quot;background_background&quot;:&quot;classic&quot;}\">\n\t\t\t\t\t\t<div class=\"elementor-container elementor-column-gap-default\">\n\t\t\t\t\t<div class=\"elementor-column elementor-col-50 elementor-top-column elementor-element elementor-element-4b2532ec\" data-id=\"4b2532ec\" data-element_type=\"column\" data-e-type=\"column\">\n\t\t\t<div class=\"elementor-widget-wrap elementor-element-populated\">\n\t\t\t\t\t\t<div class=\"elementor-element elementor-element-5a9a9848 elementor-hidden-tablet elementor-hidden-mobile elementor-widget elementor-widget-spacer\" data-id=\"5a9a9848\" data-element_type=\"widget\" data-e-type=\"widget\" data-widget_type=\"spacer.default\">\n\t\t\t\t<div class=\"elementor-widget-container\">\n\t\t\t\t\t\t\t<div class=\"elementor-spacer\">\n\t\t\t<div class=\"elementor-spacer-inner\"><\/div>\n\t\t<\/div>\n\t\t\t\t\t\t<\/div>\n\t\t\t\t<\/div>\n\t\t\t\t<div class=\"elementor-element elementor-element-33221daa elementor-widget elementor-widget-heading\" data-id=\"33221daa\" data-element_type=\"widget\" data-e-type=\"widget\" data-widget_type=\"heading.default\">\n\t\t\t\t<div class=\"elementor-widget-container\">\n\t\t\t\t\t<h2 class=\"elementor-heading-title elementor-size-default\"><b>Help Frontaliers : Guides et Conseils pour les Frontaliers France\u2013Suisse <\/b><\/h2>\t\t\t\t<\/div>\n\t\t\t\t<\/div>\n\t\t\t\t<div class=\"elementor-element elementor-element-2f5e93d4 elementor-widget elementor-widget-spacer\" data-id=\"2f5e93d4\" data-element_type=\"widget\" data-e-type=\"widget\" data-widget_type=\"spacer.default\">\n\t\t\t\t<div class=\"elementor-widget-container\">\n\t\t\t\t\t\t\t<div class=\"elementor-spacer\">\n\t\t\t<div class=\"elementor-spacer-inner\"><\/div>\n\t\t<\/div>\n\t\t\t\t\t\t<\/div>\n\t\t\t\t<\/div>\n\t\t\t\t<div class=\"elementor-element-custom_font_size elementor-element-custom_font_family elementor-element-custom_color elementor-element elementor-element-6aac8a46 elementor-widget elementor-widget-text-editor\" data-id=\"6aac8a46\" data-element_type=\"widget\" data-e-type=\"widget\" data-widget_type=\"text-editor.default\">\n\t\t\t\t<div class=\"elementor-widget-container\">\n\t\t\t\t\t\t\t\t\t<p data-start=\"368\" data-end=\"811\">Bienvenue sur le centre de ressources de <strong data-start=\"409\" data-end=\"429\">Help Frontaliers<\/strong>, votre plateforme d\u2019information d\u00e9di\u00e9e \u00e0 la vie transfrontali\u00e8re entre la <strong data-start=\"504\" data-end=\"527\">France et la Suisse<\/strong>.<\/p><p data-start=\"368\" data-end=\"811\"><br data-start=\"528\" data-end=\"531\" \/>Retrouvez ici des <strong data-start=\"549\" data-end=\"569\">guides pratiques<\/strong>, des <strong data-start=\"575\" data-end=\"597\">articles d\u00e9taill\u00e9s<\/strong> et des <strong data-start=\"605\" data-end=\"625\">conseils experts<\/strong> pour vous aider dans toutes les \u00e9tapes de votre parcours de <strong data-start=\"686\" data-end=\"712\">travailleur frontalier<\/strong> : emploi, fiscalit\u00e9, assurance maladie, permis, rapatriement de salaire, mobilit\u00e9, et plus encore.<\/p>\t\t\t\t\t\t\t\t<\/div>\n\t\t\t\t<\/div>\n\t\t\t\t<div class=\"elementor-element elementor-element-7abff644 elementor-widget elementor-widget-spacer\" data-id=\"7abff644\" data-element_type=\"widget\" data-e-type=\"widget\" data-widget_type=\"spacer.default\">\n\t\t\t\t<div class=\"elementor-widget-container\">\n\t\t\t\t\t\t\t<div class=\"elementor-spacer\">\n\t\t\t<div class=\"elementor-spacer-inner\"><\/div>\n\t\t<\/div>\n\t\t\t\t\t\t<\/div>\n\t\t\t\t<\/div>\n\t\t\t\t<div class=\"gt3-core-button--alignment_inline elementor-element elementor-element-5b9d0d1f elementor-widget__width-initial elementor-widget elementor-widget-gt3-core-button\" data-id=\"5b9d0d1f\" data-element_type=\"widget\" data-e-type=\"widget\" data-widget_type=\"gt3-core-button.default\">\n\t\t\t\t<div class=\"elementor-widget-container\">\n\t\t\t\t\t\t<div class=\"gt3_module_button_elementor size_custom alignment_inline button_icon_none hover_type5 rounded\">\r\n\t\t<a class=\"button_size_elementor_custom alignment_inline border_icon_none hover_type5 btn_icon_position_left\" href=\"https:\/\/helpfrontaliers.ch\/en\/offres-demploi\/\">\r\n\t\t\t\t<span class=\"gt3_module_button__container\">\r\n\t\t\t\t\t\t\t\t\t\t\t<span class=\"elementor_gt3_btn_text\">Emploi<\/span>\t\t\t\t\t\t<span class=\"gt3_module_button__cover front\"><\/span>\r\n\t\t\t\t\t\t<span class=\"gt3_module_button__cover back\"><\/span>\r\n\t\t\t\t\t\t\t\t\t<\/span>\r\n\t\t<\/a>\r\n\t<\/div>\r\n\r\n<script type=\"application\/json\" id=\"settings--5b9d0d1f\">[]<\/script>\t\t\t\t<\/div>\n\t\t\t\t<\/div>\n\t\t\t\t<div class=\"gt3-core-button--alignment_inline elementor-element elementor-element-44adda74 elementor-widget elementor-widget-gt3-core-button\" data-id=\"44adda74\" data-element_type=\"widget\" data-e-type=\"widget\" data-widget_type=\"gt3-core-button.default\">\n\t\t\t\t<div class=\"elementor-widget-container\">\n\t\t\t\t\t\t<div class=\"gt3_module_button_elementor size_custom alignment_inline button_icon_none hover_type5 rounded\">\r\n\t\t<a class=\"button_size_elementor_custom alignment_inline border_icon_none hover_type5 btn_icon_position_left\" href=\"\/en\/frontaliers\/\">\r\n\t\t\t\t<span class=\"gt3_module_button__container\">\r\n\t\t\t\t\t\t\t\t\t\t\t<span class=\"elementor_gt3_btn_text\">Border residents<\/span>\t\t\t\t\t\t<span class=\"gt3_module_button__cover front\"><\/span>\r\n\t\t\t\t\t\t<span class=\"gt3_module_button__cover back\"><\/span>\r\n\t\t\t\t\t\t\t\t\t<\/span>\r\n\t\t<\/a>\r\n\t<\/div>\r\n\r\n<script type=\"application\/json\" id=\"settings--44adda74\">[]<\/script>\t\t\t\t<\/div>\n\t\t\t\t<\/div>\n\t\t\t\t\t<\/div>\n\t\t<\/div>\n\t\t\t\t<div class=\"elementor-column elementor-col-50 elementor-top-column elementor-element elementor-element-3d1bcdbe\" data-id=\"3d1bcdbe\" data-element_type=\"column\" data-e-type=\"column\">\n\t\t\t<div class=\"elementor-widget-wrap elementor-element-populated\">\n\t\t\t\t\t\t<div class=\"elementor-element elementor-element-97e3920 elementor-widget elementor-widget-image\" data-id=\"97e3920\" data-element_type=\"widget\" data-e-type=\"widget\" data-widget_type=\"image.default\">\n\t\t\t\t<div class=\"elementor-widget-container\">\n\t\t\t\t\t\t\t\t\t\t\t\t\t\t\t<img decoding=\"async\" width=\"480\" height=\"402\" src=\"https:\/\/helpfrontaliers.ch\/wp-content\/uploads\/2025\/11\/Design-sans-titre-2-1-480x402.png\" class=\"attachment-gt3theme_mobile size-gt3theme_mobile wp-image-47051\" alt=\"\" srcset=\"https:\/\/helpfrontaliers.ch\/wp-content\/uploads\/2025\/11\/Design-sans-titre-2-1-480x402.png 480w, https:\/\/helpfrontaliers.ch\/wp-content\/uploads\/2025\/11\/Design-sans-titre-2-1-300x251.png 300w, https:\/\/helpfrontaliers.ch\/wp-content\/uploads\/2025\/11\/Design-sans-titre-2-1-768x644.png 768w, https:\/\/helpfrontaliers.ch\/wp-content\/uploads\/2025\/11\/Design-sans-titre-2-1.png 940w\" sizes=\"(max-width: 480px) 100vw, 480px\" title=\"Design sans titre (2)\" \/>\t\t\t\t\t\t\t\t\t\t\t\t\t\t\t<\/div>\n\t\t\t\t<\/div>\n\t\t\t\t\t<\/div>\n\t\t<\/div>\n\t\t\t\t\t<\/div>\n\t\t<\/section>\n\t\t<div class=\"elementor-element elementor-element-bf25cca e-con-full e-flex e-con e-parent\" data-id=\"bf25cca\" data-element_type=\"container\" data-e-type=\"container\">\n\t\t\t\t<div class=\"elementor-element elementor-element-b0386b0 modern_style-yes gt3_featured_default_state-yes has_color_block color_block-#FFFFFF has_color_block color_block_hover-#234981 elementor-widget elementor-widget-gt3-core-blogboxed\" data-id=\"b0386b0\" data-element_type=\"widget\" data-e-type=\"widget\" data-widget_type=\"gt3-core-blogboxed.default\">\n\t\t\t\t<div class=\"elementor-widget-container\">\n\t\t\t\t\t\t<div class=\"gt3_module_blogboxed items3  module_type1\" data-settings=\"{&quot;slick&quot;:false}\">\r\n\t\t<div class=\"blogboxed_grid\"><div class=\"boxed_block_item\">\r\n\t\t\t\t\t<div class=\"item_wrapper gt3_center_mode without_post_meta\"><div class=\"blogboxed_img_block\" style=\"background-image: url(https:\/\/helpfrontaliers.ch\/wp-content\/uploads\/2026\/03\/Design-sans-titre-7-640x640.png);\"><\/div><div class=\"blogboxed_content without_bordered has_img_block\"><div class=\"gt3blogboxed_block_wrap\"><span class=\"post_category\"><a href=\"https:\/\/helpfrontaliers.ch\/en\/category\/guides\/\" rel=\"category tag\">Guides<\/a><\/span><h2 class=\"blog_post_title\"><a href=\"https:\/\/helpfrontaliers.ch\/en\/guides\/allocations-familiales-pour-frontaliers\/\">Allocations familiales pour frontaliers : comment maximiser vos droits et s\u00e9curiser vos revenus familiaux<\/a><\/h2><div class=\"blogboxed_info_box\"><div class=\"clear\"><\/div><div class=\"gt3_post_footer\"><div class=\"gt3_module_button_list\"><a href=\"https:\/\/helpfrontaliers.ch\/en\/guides\/allocations-familiales-pour-frontaliers\/\">J&#039;acc\u00e8de au guide<\/a><\/div><div class=\"blog_post_info\">\t\t\t<!-- post share block -->\r\n\t\t\t<div class=\"post_share_block\">\r\n\t\t\t\t<a href=\"#\"><span class=\"sharing_title\">Share<\/span><\/a>\r\n\t\t\t\t<div class=\"post_share_wrap\">\r\n\t\t\t\t\t<ul>\r\n\t\t\t\t\t\t<li class=\"post_share-facebook\"><a target=\"_blank\" href=\"https:\/\/www.facebook.com\/share.php?u=https:\/\/helpfrontaliers.ch\/en\/guides\/allocations-familiales-pour-frontaliers\/\" data-title=\"Facebook\" aria-label=\"Share on Facebook\"><span class=\"fa fa-facebook\"><\/span><\/a><\/li><li class=\"post_share-twitter\"><a target=\"_blank\" href=\"https:\/\/twitter.com\/intent\/tweet?text=Allocations%20familiales%20pour%20frontaliers%20:%20comment%20maximiser%20vos%20droits%20et%20s\u00e9curiser%20vos%20revenus%20familiaux&#038;url=https:\/\/helpfrontaliers.ch\/en\/guides\/allocations-familiales-pour-frontaliers\/\" data-title=\"Twitter\" aria-label=\"Share on Twitter\"><span class=\"fa fa-twitter\"><\/span><\/a><\/li><li class=\"post_share-pinterest\"><a target=\"_blank\" href=\"https:\/\/pinterest.com\/pin\/create\/button\/?url=https:\/\/helpfrontaliers.ch\/en\/guides\/allocations-familiales-pour-frontaliers\/&#038;media=https:\/\/helpfrontaliers.ch\/wp-content\/uploads\/2026\/03\/Design-sans-titre-7.png\" data-elementor-open-lightbox=\"no\" data-title=\"Pinterest\" aria-label=\"Share on Pinterest\"><span class=\"fa fa-pinterest\"><\/span><\/a><\/li><li class=\"post_share-linkedin\"><a target=\"_blank\" href=\"https:\/\/www.linkedin.com\/shareArticle?mini=true&#038;url=https:\/\/helpfrontaliers.ch\/en\/guides\/allocations-familiales-pour-frontaliers\/&#038;title=Allocations%20familiales%20pour%20frontaliers%20:%20comment%20maximiser%20vos%20droits%20et%20s\u00e9curiser%20vos%20revenus%20familiaux&#038;source=Help%20Frontaliers\" data-title=\"Linkedin\" aria-label=\"Share on Linkedin\"><span class=\"fa fa-linkedin\"><\/span><\/a><\/li><li class=\"post_share-mail\"><a target=\"_blank\" href=\"mailto:?subject=Allocations+familiales+pour+frontaliers+%3A+comment+maximiser+vos+droits+et+s%C3%A9curiser+vos+revenus+familiaux&body=https:\/\/helpfrontaliers.ch\/en\/guides\/allocations-familiales-pour-frontaliers\/\" data-title=\"Email\" aria-label=\"Share on Email\"><span class=\"fa fa-envelope\"><\/span><\/a><\/li>\t\t\t\t\t<\/ul>\r\n\t\t\t\t<\/div>\r\n\t\t\t<\/div>\r\n\t\t\t<!-- \/\/post share block -->\r\n\t\t<\/div><\/div><div class=\"clear\"><\/div><\/div><\/div><\/div>\r\n\t\t\t\t\t<\/div>\r\n\t\t\t\t<\/div><div class=\"boxed_block_item\">\r\n\t\t\t\t\t<div class=\"item_wrapper gt3_center_mode without_post_meta\"><div class=\"blogboxed_img_block\" style=\"background-image: url(https:\/\/helpfrontaliers.ch\/wp-content\/uploads\/2026\/03\/Design-sans-titre-6-640x640.png);\"><\/div><div class=\"blogboxed_content without_bordered has_img_block\"><div class=\"gt3blogboxed_block_wrap\"><span class=\"post_category\"><a href=\"https:\/\/helpfrontaliers.ch\/en\/category\/guides\/\" rel=\"category tag\">Guides<\/a><\/span><h2 class=\"blog_post_title\"><a href=\"https:\/\/helpfrontaliers.ch\/en\/guides\/strategies-fiscales-avancees-pour-frontaliers-vivant-en-france\/\">Strat\u00e9gies fiscales avanc\u00e9es pour frontaliers vivant en France : comment all\u00e9ger durablement votre imp\u00f4t\u202f?<\/a><\/h2><div class=\"blogboxed_info_box\"><div class=\"clear\"><\/div><div class=\"gt3_post_footer\"><div class=\"gt3_module_button_list\"><a href=\"https:\/\/helpfrontaliers.ch\/en\/guides\/strategies-fiscales-avancees-pour-frontaliers-vivant-en-france\/\">J&#039;acc\u00e8de au guide<\/a><\/div><div class=\"blog_post_info\">\t\t\t<!-- post share block -->\r\n\t\t\t<div class=\"post_share_block\">\r\n\t\t\t\t<a href=\"#\"><span class=\"sharing_title\">Share<\/span><\/a>\r\n\t\t\t\t<div class=\"post_share_wrap\">\r\n\t\t\t\t\t<ul>\r\n\t\t\t\t\t\t<li class=\"post_share-facebook\"><a target=\"_blank\" href=\"https:\/\/www.facebook.com\/share.php?u=https:\/\/helpfrontaliers.ch\/en\/guides\/strategies-fiscales-avancees-pour-frontaliers-vivant-en-france\/\" data-title=\"Facebook\" aria-label=\"Share on Facebook\"><span class=\"fa fa-facebook\"><\/span><\/a><\/li><li class=\"post_share-twitter\"><a target=\"_blank\" href=\"https:\/\/twitter.com\/intent\/tweet?text=Strat\u00e9gies%20fiscales%20avanc\u00e9es%20pour%20frontaliers%20vivant%20en%20France%20:%20comment%20all\u00e9ger%20durablement%20votre%20imp\u00f4t\u202f?&#038;url=https:\/\/helpfrontaliers.ch\/en\/guides\/strategies-fiscales-avancees-pour-frontaliers-vivant-en-france\/\" data-title=\"Twitter\" aria-label=\"Share on Twitter\"><span class=\"fa fa-twitter\"><\/span><\/a><\/li><li class=\"post_share-pinterest\"><a target=\"_blank\" href=\"https:\/\/pinterest.com\/pin\/create\/button\/?url=https:\/\/helpfrontaliers.ch\/en\/guides\/strategies-fiscales-avancees-pour-frontaliers-vivant-en-france\/&#038;media=https:\/\/helpfrontaliers.ch\/wp-content\/uploads\/2026\/03\/Design-sans-titre-6.png\" data-elementor-open-lightbox=\"no\" data-title=\"Pinterest\" aria-label=\"Share on Pinterest\"><span class=\"fa fa-pinterest\"><\/span><\/a><\/li><li class=\"post_share-linkedin\"><a target=\"_blank\" href=\"https:\/\/www.linkedin.com\/shareArticle?mini=true&#038;url=https:\/\/helpfrontaliers.ch\/en\/guides\/strategies-fiscales-avancees-pour-frontaliers-vivant-en-france\/&#038;title=Strat\u00e9gies%20fiscales%20avanc\u00e9es%20pour%20frontaliers%20vivant%20en%20France%20:%20comment%20all\u00e9ger%20durablement%20votre%20imp\u00f4t\u202f?&#038;source=Help%20Frontaliers\" data-title=\"Linkedin\" aria-label=\"Share on Linkedin\"><span class=\"fa fa-linkedin\"><\/span><\/a><\/li><li class=\"post_share-mail\"><a target=\"_blank\" href=\"mailto:?subject=Strat%C3%A9gies+fiscales+avanc%C3%A9es+pour+frontaliers+vivant+en+France+%3A+comment+all%C3%A9ger+durablement+votre+imp%C3%B4t%E2%80%AF%3F&body=https:\/\/helpfrontaliers.ch\/en\/guides\/strategies-fiscales-avancees-pour-frontaliers-vivant-en-france\/\" data-title=\"Email\" aria-label=\"Share on Email\"><span class=\"fa fa-envelope\"><\/span><\/a><\/li>\t\t\t\t\t<\/ul>\r\n\t\t\t\t<\/div>\r\n\t\t\t<\/div>\r\n\t\t\t<!-- \/\/post share block -->\r\n\t\t<\/div><\/div><div class=\"clear\"><\/div><\/div><\/div><\/div>\r\n\t\t\t\t\t<\/div>\r\n\t\t\t\t<\/div><div class=\"boxed_block_item\">\r\n\t\t\t\t\t<div class=\"item_wrapper gt3_center_mode without_post_meta\"><div class=\"blogboxed_img_block\" style=\"background-image: url(https:\/\/helpfrontaliers.ch\/wp-content\/uploads\/2026\/03\/Design-sans-titre-5-640x640.png);\"><\/div><div class=\"blogboxed_content without_bordered has_img_block\"><div class=\"gt3blogboxed_block_wrap\"><span class=\"post_category\"><a href=\"https:\/\/helpfrontaliers.ch\/en\/category\/guides\/\" rel=\"category tag\">Guides<\/a><\/span><h2 class=\"blog_post_title\"><a href=\"https:\/\/helpfrontaliers.ch\/en\/guides\/reconnaissance-des-diplomes-francais-en-suisse-et-evolution-professionnelle\/\">Reconnaissance des dipl\u00f4mes fran\u00e7ais en Suisse et \u00e9volution professionnelle : le guide complet pour r\u00e9ussir<\/a><\/h2><div class=\"blogboxed_info_box\"><div class=\"clear\"><\/div><div class=\"gt3_post_footer\"><div class=\"gt3_module_button_list\"><a href=\"https:\/\/helpfrontaliers.ch\/en\/guides\/reconnaissance-des-diplomes-francais-en-suisse-et-evolution-professionnelle\/\">J&#039;acc\u00e8de au guide<\/a><\/div><div class=\"blog_post_info\">\t\t\t<!-- post share block -->\r\n\t\t\t<div class=\"post_share_block\">\r\n\t\t\t\t<a href=\"#\"><span class=\"sharing_title\">Share<\/span><\/a>\r\n\t\t\t\t<div class=\"post_share_wrap\">\r\n\t\t\t\t\t<ul>\r\n\t\t\t\t\t\t<li class=\"post_share-facebook\"><a target=\"_blank\" href=\"https:\/\/www.facebook.com\/share.php?u=https:\/\/helpfrontaliers.ch\/en\/guides\/reconnaissance-des-diplomes-francais-en-suisse-et-evolution-professionnelle\/\" data-title=\"Facebook\" aria-label=\"Share on Facebook\"><span class=\"fa fa-facebook\"><\/span><\/a><\/li><li class=\"post_share-twitter\"><a target=\"_blank\" href=\"https:\/\/twitter.com\/intent\/tweet?text=Reconnaissance%20des%20dipl\u00f4mes%20fran\u00e7ais%20en%20Suisse%20et%20\u00e9volution%20professionnelle%20:%20le%20guide%20complet%20pour%20r\u00e9ussir&#038;url=https:\/\/helpfrontaliers.ch\/en\/guides\/reconnaissance-des-diplomes-francais-en-suisse-et-evolution-professionnelle\/\" data-title=\"Twitter\" aria-label=\"Share on Twitter\"><span class=\"fa fa-twitter\"><\/span><\/a><\/li><li class=\"post_share-pinterest\"><a target=\"_blank\" href=\"https:\/\/pinterest.com\/pin\/create\/button\/?url=https:\/\/helpfrontaliers.ch\/en\/guides\/reconnaissance-des-diplomes-francais-en-suisse-et-evolution-professionnelle\/&#038;media=https:\/\/helpfrontaliers.ch\/wp-content\/uploads\/2026\/03\/Design-sans-titre-5.png\" data-elementor-open-lightbox=\"no\" data-title=\"Pinterest\" aria-label=\"Share on Pinterest\"><span class=\"fa fa-pinterest\"><\/span><\/a><\/li><li class=\"post_share-linkedin\"><a target=\"_blank\" href=\"https:\/\/www.linkedin.com\/shareArticle?mini=true&#038;url=https:\/\/helpfrontaliers.ch\/en\/guides\/reconnaissance-des-diplomes-francais-en-suisse-et-evolution-professionnelle\/&#038;title=Reconnaissance%20des%20dipl\u00f4mes%20fran\u00e7ais%20en%20Suisse%20et%20\u00e9volution%20professionnelle%20:%20le%20guide%20complet%20pour%20r\u00e9ussir&#038;source=Help%20Frontaliers\" data-title=\"Linkedin\" aria-label=\"Share on Linkedin\"><span class=\"fa fa-linkedin\"><\/span><\/a><\/li><li class=\"post_share-mail\"><a target=\"_blank\" href=\"mailto:?subject=Reconnaissance+des+dipl%C3%B4mes+fran%C3%A7ais+en+Suisse+et+%C3%A9volution+professionnelle+%3A+le+guide+complet+pour+r%C3%A9ussir&body=https:\/\/helpfrontaliers.ch\/en\/guides\/reconnaissance-des-diplomes-francais-en-suisse-et-evolution-professionnelle\/\" data-title=\"Email\" aria-label=\"Share on Email\"><span class=\"fa fa-envelope\"><\/span><\/a><\/li>\t\t\t\t\t<\/ul>\r\n\t\t\t\t<\/div>\r\n\t\t\t<\/div>\r\n\t\t\t<!-- \/\/post share block -->\r\n\t\t<\/div><\/div><div class=\"clear\"><\/div><\/div><\/div><\/div>\r\n\t\t\t\t\t<\/div>\r\n\t\t\t\t<\/div><div class=\"boxed_block_item\">\r\n\t\t\t\t\t<div class=\"item_wrapper gt3_center_mode without_post_meta\"><div class=\"blogboxed_img_block\" style=\"background-image: url(https:\/\/helpfrontaliers.ch\/wp-content\/uploads\/2026\/02\/Design-sans-titre-2-1-640x640.png);\"><\/div><div class=\"blogboxed_content without_bordered has_img_block\"><div class=\"gt3blogboxed_block_wrap\"><span class=\"post_category\"><a href=\"https:\/\/helpfrontaliers.ch\/en\/category\/guides\/\" rel=\"category tag\">Guides<\/a><\/span><h2 class=\"blog_post_title\"><a href=\"https:\/\/helpfrontaliers.ch\/en\/guides\/le_2%e1%b5%89_pilier_suisse_explique_pour_les_frontaliers__anticiper_et_optimiser_sa_prevoyance_professionnelle_en_2026\/\">Le 2\u1d49 pilier suisse (LPP) expliqu\u00e9 pour les frontaliers : anticiper et optimiser sa pr\u00e9voyance professionnelle en 2026<\/a><\/h2><div class=\"blogboxed_info_box\"><div class=\"clear\"><\/div><div class=\"gt3_post_footer\"><div class=\"gt3_module_button_list\"><a href=\"https:\/\/helpfrontaliers.ch\/en\/guides\/le_2%e1%b5%89_pilier_suisse_explique_pour_les_frontaliers__anticiper_et_optimiser_sa_prevoyance_professionnelle_en_2026\/\">J&#039;acc\u00e8de au guide<\/a><\/div><div class=\"blog_post_info\">\t\t\t<!-- post share block -->\r\n\t\t\t<div class=\"post_share_block\">\r\n\t\t\t\t<a href=\"#\"><span class=\"sharing_title\">Share<\/span><\/a>\r\n\t\t\t\t<div class=\"post_share_wrap\">\r\n\t\t\t\t\t<ul>\r\n\t\t\t\t\t\t<li class=\"post_share-facebook\"><a target=\"_blank\" href=\"https:\/\/www.facebook.com\/share.php?u=https:\/\/helpfrontaliers.ch\/en\/guides\/le_2%e1%b5%89_pilier_suisse_explique_pour_les_frontaliers__anticiper_et_optimiser_sa_prevoyance_professionnelle_en_2026\/\" data-title=\"Facebook\" aria-label=\"Share on Facebook\"><span class=\"fa fa-facebook\"><\/span><\/a><\/li><li class=\"post_share-twitter\"><a target=\"_blank\" href=\"https:\/\/twitter.com\/intent\/tweet?text=Le%202\u1d49%20pilier%20suisse%20(LPP)%20expliqu\u00e9%20pour%20les%20frontaliers%20:%20anticiper%20et%20optimiser%20sa%20pr\u00e9voyance%20professionnelle%20en%202026&#038;url=https:\/\/helpfrontaliers.ch\/en\/guides\/le_2%e1%b5%89_pilier_suisse_explique_pour_les_frontaliers__anticiper_et_optimiser_sa_prevoyance_professionnelle_en_2026\/\" data-title=\"Twitter\" aria-label=\"Share on Twitter\"><span class=\"fa fa-twitter\"><\/span><\/a><\/li><li class=\"post_share-pinterest\"><a target=\"_blank\" href=\"https:\/\/pinterest.com\/pin\/create\/button\/?url=https:\/\/helpfrontaliers.ch\/en\/guides\/le_2%e1%b5%89_pilier_suisse_explique_pour_les_frontaliers__anticiper_et_optimiser_sa_prevoyance_professionnelle_en_2026\/&#038;media=https:\/\/helpfrontaliers.ch\/wp-content\/uploads\/2026\/02\/Design-sans-titre-2-1.png\" data-elementor-open-lightbox=\"no\" data-title=\"Pinterest\" aria-label=\"Share on Pinterest\"><span class=\"fa fa-pinterest\"><\/span><\/a><\/li><li class=\"post_share-linkedin\"><a target=\"_blank\" href=\"https:\/\/www.linkedin.com\/shareArticle?mini=true&#038;url=https:\/\/helpfrontaliers.ch\/en\/guides\/le_2%e1%b5%89_pilier_suisse_explique_pour_les_frontaliers__anticiper_et_optimiser_sa_prevoyance_professionnelle_en_2026\/&#038;title=Le%202\u1d49%20pilier%20suisse%20(LPP)%20expliqu\u00e9%20pour%20les%20frontaliers%20:%20anticiper%20et%20optimiser%20sa%20pr\u00e9voyance%20professionnelle%20en%202026&#038;source=Help%20Frontaliers\" data-title=\"Linkedin\" aria-label=\"Share on Linkedin\"><span class=\"fa fa-linkedin\"><\/span><\/a><\/li><li class=\"post_share-mail\"><a target=\"_blank\" href=\"mailto:?subject=Le+2%E1%B5%89+pilier+suisse+%28LPP%29+expliqu%C3%A9+pour+les+frontaliers+%3A+anticiper+et+optimiser+sa+pr%C3%A9voyance+professionnelle+en+2026&body=https:\/\/helpfrontaliers.ch\/en\/guides\/le_2%e1%b5%89_pilier_suisse_explique_pour_les_frontaliers__anticiper_et_optimiser_sa_prevoyance_professionnelle_en_2026\/\" data-title=\"Email\" aria-label=\"Share on Email\"><span class=\"fa fa-envelope\"><\/span><\/a><\/li>\t\t\t\t\t<\/ul>\r\n\t\t\t\t<\/div>\r\n\t\t\t<\/div>\r\n\t\t\t<!-- \/\/post share block -->\r\n\t\t<\/div><\/div><div class=\"clear\"><\/div><\/div><\/div><\/div>\r\n\t\t\t\t\t<\/div>\r\n\t\t\t\t<\/div><div class=\"boxed_block_item\">\r\n\t\t\t\t\t<div class=\"item_wrapper gt3_center_mode without_post_meta\"><div class=\"blogboxed_img_block\" style=\"background-image: url(https:\/\/helpfrontaliers.ch\/wp-content\/uploads\/2026\/02\/Design-sans-titre-1-640x640.png);\"><\/div><div class=\"blogboxed_content without_bordered has_img_block\"><div class=\"gt3blogboxed_block_wrap\"><span class=\"post_category\"><a href=\"https:\/\/helpfrontaliers.ch\/en\/category\/guides\/\" rel=\"category tag\">Guides<\/a><\/span><h2 class=\"blog_post_title\"><a href=\"https:\/\/helpfrontaliers.ch\/en\/guides\/devenir_frontalier_en_suisse_en_2026__le_guide_indispensable_pour_reussir_sa_transition\/\">Devenir frontalier en Suisse en 2026 : le guide indispensable pour r\u00e9ussir sa transition<\/a><\/h2><div class=\"blogboxed_info_box\"><div class=\"clear\"><\/div><div class=\"gt3_post_footer\"><div class=\"gt3_module_button_list\"><a href=\"https:\/\/helpfrontaliers.ch\/en\/guides\/devenir_frontalier_en_suisse_en_2026__le_guide_indispensable_pour_reussir_sa_transition\/\">J&#039;acc\u00e8de au guide<\/a><\/div><div class=\"blog_post_info\">\t\t\t<!-- post share block -->\r\n\t\t\t<div class=\"post_share_block\">\r\n\t\t\t\t<a href=\"#\"><span class=\"sharing_title\">Share<\/span><\/a>\r\n\t\t\t\t<div class=\"post_share_wrap\">\r\n\t\t\t\t\t<ul>\r\n\t\t\t\t\t\t<li class=\"post_share-facebook\"><a target=\"_blank\" href=\"https:\/\/www.facebook.com\/share.php?u=https:\/\/helpfrontaliers.ch\/en\/guides\/devenir_frontalier_en_suisse_en_2026__le_guide_indispensable_pour_reussir_sa_transition\/\" data-title=\"Facebook\" aria-label=\"Share on Facebook\"><span class=\"fa fa-facebook\"><\/span><\/a><\/li><li class=\"post_share-twitter\"><a target=\"_blank\" href=\"https:\/\/twitter.com\/intent\/tweet?text=Devenir%20frontalier%20en%20Suisse%20en%202026%20:%20le%20guide%20indispensable%20pour%20r\u00e9ussir%20sa%20transition&#038;url=https:\/\/helpfrontaliers.ch\/en\/guides\/devenir_frontalier_en_suisse_en_2026__le_guide_indispensable_pour_reussir_sa_transition\/\" data-title=\"Twitter\" aria-label=\"Share on Twitter\"><span class=\"fa fa-twitter\"><\/span><\/a><\/li><li class=\"post_share-pinterest\"><a target=\"_blank\" href=\"https:\/\/pinterest.com\/pin\/create\/button\/?url=https:\/\/helpfrontaliers.ch\/en\/guides\/devenir_frontalier_en_suisse_en_2026__le_guide_indispensable_pour_reussir_sa_transition\/&#038;media=https:\/\/helpfrontaliers.ch\/wp-content\/uploads\/2026\/02\/Design-sans-titre-1.png\" data-elementor-open-lightbox=\"no\" data-title=\"Pinterest\" aria-label=\"Share on Pinterest\"><span class=\"fa fa-pinterest\"><\/span><\/a><\/li><li class=\"post_share-linkedin\"><a target=\"_blank\" href=\"https:\/\/www.linkedin.com\/shareArticle?mini=true&#038;url=https:\/\/helpfrontaliers.ch\/en\/guides\/devenir_frontalier_en_suisse_en_2026__le_guide_indispensable_pour_reussir_sa_transition\/&#038;title=Devenir%20frontalier%20en%20Suisse%20en%202026%20:%20le%20guide%20indispensable%20pour%20r\u00e9ussir%20sa%20transition&#038;source=Help%20Frontaliers\" data-title=\"Linkedin\" aria-label=\"Share on Linkedin\"><span class=\"fa fa-linkedin\"><\/span><\/a><\/li><li class=\"post_share-mail\"><a target=\"_blank\" href=\"mailto:?subject=Devenir+frontalier+en+Suisse+en+2026+%3A+le+guide+indispensable+pour+r%C3%A9ussir+sa+transition&body=https:\/\/helpfrontaliers.ch\/en\/guides\/devenir_frontalier_en_suisse_en_2026__le_guide_indispensable_pour_reussir_sa_transition\/\" data-title=\"Email\" aria-label=\"Share on Email\"><span class=\"fa fa-envelope\"><\/span><\/a><\/li>\t\t\t\t\t<\/ul>\r\n\t\t\t\t<\/div>\r\n\t\t\t<\/div>\r\n\t\t\t<!-- \/\/post share block -->\r\n\t\t<\/div><\/div><div class=\"clear\"><\/div><\/div><\/div><\/div>\r\n\t\t\t\t\t<\/div>\r\n\t\t\t\t<\/div><div class=\"boxed_block_item\">\r\n\t\t\t\t\t<div class=\"item_wrapper gt3_center_mode without_post_meta\"><div class=\"blogboxed_img_block\" style=\"background-image: url(https:\/\/helpfrontaliers.ch\/wp-content\/uploads\/2026\/02\/Design-sans-titre-640x640.png);\"><\/div><div class=\"blogboxed_content without_bordered has_img_block\"><div class=\"gt3blogboxed_block_wrap\"><span class=\"post_category\"><a href=\"https:\/\/helpfrontaliers.ch\/en\/category\/guides\/\" rel=\"category tag\">Guides<\/a><\/span><h2 class=\"blog_post_title\"><a href=\"https:\/\/helpfrontaliers.ch\/en\/guides\/guide_pratique_pour_anticiper_et_calculer_la_contribution_differentielle_sur_les_hauts_revenus_pour_les_frontaliers\/\">Guide pratique pour anticiper et calculer la Contribution Diff\u00e9rentielle sur les hauts revenus pour les frontaliers<\/a><\/h2><div class=\"blogboxed_info_box\"><div class=\"clear\"><\/div><div class=\"gt3_post_footer\"><div class=\"gt3_module_button_list\"><a href=\"https:\/\/helpfrontaliers.ch\/en\/guides\/guide_pratique_pour_anticiper_et_calculer_la_contribution_differentielle_sur_les_hauts_revenus_pour_les_frontaliers\/\">J&#039;acc\u00e8de au guide<\/a><\/div><div class=\"blog_post_info\">\t\t\t<!-- post share block -->\r\n\t\t\t<div class=\"post_share_block\">\r\n\t\t\t\t<a href=\"#\"><span class=\"sharing_title\">Share<\/span><\/a>\r\n\t\t\t\t<div class=\"post_share_wrap\">\r\n\t\t\t\t\t<ul>\r\n\t\t\t\t\t\t<li class=\"post_share-facebook\"><a target=\"_blank\" href=\"https:\/\/www.facebook.com\/share.php?u=https:\/\/helpfrontaliers.ch\/en\/guides\/guide_pratique_pour_anticiper_et_calculer_la_contribution_differentielle_sur_les_hauts_revenus_pour_les_frontaliers\/\" data-title=\"Facebook\" aria-label=\"Share on Facebook\"><span class=\"fa fa-facebook\"><\/span><\/a><\/li><li class=\"post_share-twitter\"><a target=\"_blank\" href=\"https:\/\/twitter.com\/intent\/tweet?text=Guide%20pratique%20pour%20anticiper%20et%20calculer%20la%20Contribution%20Diff\u00e9rentielle%20sur%20les%20hauts%20revenus%20pour%20les%20frontaliers&#038;url=https:\/\/helpfrontaliers.ch\/en\/guides\/guide_pratique_pour_anticiper_et_calculer_la_contribution_differentielle_sur_les_hauts_revenus_pour_les_frontaliers\/\" data-title=\"Twitter\" aria-label=\"Share on Twitter\"><span class=\"fa fa-twitter\"><\/span><\/a><\/li><li class=\"post_share-pinterest\"><a target=\"_blank\" href=\"https:\/\/pinterest.com\/pin\/create\/button\/?url=https:\/\/helpfrontaliers.ch\/en\/guides\/guide_pratique_pour_anticiper_et_calculer_la_contribution_differentielle_sur_les_hauts_revenus_pour_les_frontaliers\/&#038;media=https:\/\/helpfrontaliers.ch\/wp-content\/uploads\/2026\/02\/Design-sans-titre.png\" data-elementor-open-lightbox=\"no\" data-title=\"Pinterest\" aria-label=\"Share on Pinterest\"><span class=\"fa fa-pinterest\"><\/span><\/a><\/li><li class=\"post_share-linkedin\"><a target=\"_blank\" href=\"https:\/\/www.linkedin.com\/shareArticle?mini=true&#038;url=https:\/\/helpfrontaliers.ch\/en\/guides\/guide_pratique_pour_anticiper_et_calculer_la_contribution_differentielle_sur_les_hauts_revenus_pour_les_frontaliers\/&#038;title=Guide%20pratique%20pour%20anticiper%20et%20calculer%20la%20Contribution%20Diff\u00e9rentielle%20sur%20les%20hauts%20revenus%20pour%20les%20frontaliers&#038;source=Help%20Frontaliers\" data-title=\"Linkedin\" aria-label=\"Share on Linkedin\"><span class=\"fa fa-linkedin\"><\/span><\/a><\/li><li class=\"post_share-mail\"><a target=\"_blank\" href=\"mailto:?subject=Guide+pratique+pour+anticiper+et+calculer+la+Contribution+Diff%C3%A9rentielle+sur+les+hauts+revenus+pour+les+frontaliers&body=https:\/\/helpfrontaliers.ch\/en\/guides\/guide_pratique_pour_anticiper_et_calculer_la_contribution_differentielle_sur_les_hauts_revenus_pour_les_frontaliers\/\" data-title=\"Email\" aria-label=\"Share on Email\"><span class=\"fa fa-envelope\"><\/span><\/a><\/li>\t\t\t\t\t<\/ul>\r\n\t\t\t\t<\/div>\r\n\t\t\t<\/div>\r\n\t\t\t<!-- \/\/post share block -->\r\n\t\t<\/div><\/div><div class=\"clear\"><\/div><\/div><\/div><\/div>\r\n\t\t\t\t\t<\/div>\r\n\t\t\t\t<\/div><div class=\"boxed_block_item\">\r\n\t\t\t\t\t<div class=\"item_wrapper gt3_center_mode without_post_meta\"><div class=\"blogboxed_img_block\" style=\"background-image: url(https:\/\/helpfrontaliers.ch\/wp-content\/uploads\/2026\/01\/Design-sans-titre-5-640x640.png);\"><\/div><div class=\"blogboxed_content without_bordered has_img_block\"><div class=\"gt3blogboxed_block_wrap\"><span class=\"post_category\"><a href=\"https:\/\/helpfrontaliers.ch\/en\/category\/guides\/\" rel=\"category tag\">Guides<\/a><\/span><h2 class=\"blog_post_title\"><a href=\"https:\/\/helpfrontaliers.ch\/en\/guides\/guide-complet-scolarisation-transfrontaliere-a-geneve-en-2026-et-au-dela\/\">Guide complet : Scolarisation transfrontali\u00e8re \u00e0 Gen\u00e8ve en 2026 et au-del\u00e0<\/a><\/h2><div class=\"blogboxed_info_box\"><div class=\"clear\"><\/div><div class=\"gt3_post_footer\"><div class=\"gt3_module_button_list\"><a href=\"https:\/\/helpfrontaliers.ch\/en\/guides\/guide-complet-scolarisation-transfrontaliere-a-geneve-en-2026-et-au-dela\/\">J&#039;acc\u00e8de au guide<\/a><\/div><div class=\"blog_post_info\">\t\t\t<!-- post share block -->\r\n\t\t\t<div class=\"post_share_block\">\r\n\t\t\t\t<a href=\"#\"><span class=\"sharing_title\">Share<\/span><\/a>\r\n\t\t\t\t<div class=\"post_share_wrap\">\r\n\t\t\t\t\t<ul>\r\n\t\t\t\t\t\t<li class=\"post_share-facebook\"><a target=\"_blank\" href=\"https:\/\/www.facebook.com\/share.php?u=https:\/\/helpfrontaliers.ch\/en\/guides\/guide-complet-scolarisation-transfrontaliere-a-geneve-en-2026-et-au-dela\/\" data-title=\"Facebook\" aria-label=\"Share on Facebook\"><span class=\"fa fa-facebook\"><\/span><\/a><\/li><li class=\"post_share-twitter\"><a target=\"_blank\" href=\"https:\/\/twitter.com\/intent\/tweet?text=Guide%20complet%20:%20Scolarisation%20transfrontali\u00e8re%20\u00e0%20Gen\u00e8ve%20en%202026%20et%20au-del\u00e0&#038;url=https:\/\/helpfrontaliers.ch\/en\/guides\/guide-complet-scolarisation-transfrontaliere-a-geneve-en-2026-et-au-dela\/\" data-title=\"Twitter\" aria-label=\"Share on Twitter\"><span class=\"fa fa-twitter\"><\/span><\/a><\/li><li class=\"post_share-pinterest\"><a target=\"_blank\" href=\"https:\/\/pinterest.com\/pin\/create\/button\/?url=https:\/\/helpfrontaliers.ch\/en\/guides\/guide-complet-scolarisation-transfrontaliere-a-geneve-en-2026-et-au-dela\/&#038;media=https:\/\/helpfrontaliers.ch\/wp-content\/uploads\/2026\/01\/Design-sans-titre-5.png\" data-elementor-open-lightbox=\"no\" data-title=\"Pinterest\" aria-label=\"Share on Pinterest\"><span class=\"fa fa-pinterest\"><\/span><\/a><\/li><li class=\"post_share-linkedin\"><a target=\"_blank\" href=\"https:\/\/www.linkedin.com\/shareArticle?mini=true&#038;url=https:\/\/helpfrontaliers.ch\/en\/guides\/guide-complet-scolarisation-transfrontaliere-a-geneve-en-2026-et-au-dela\/&#038;title=Guide%20complet%20:%20Scolarisation%20transfrontali\u00e8re%20\u00e0%20Gen\u00e8ve%20en%202026%20et%20au-del\u00e0&#038;source=Help%20Frontaliers\" data-title=\"Linkedin\" aria-label=\"Share on Linkedin\"><span class=\"fa fa-linkedin\"><\/span><\/a><\/li><li class=\"post_share-mail\"><a target=\"_blank\" href=\"mailto:?subject=Guide+complet+%3A+Scolarisation+transfrontali%C3%A8re+%C3%A0+Gen%C3%A8ve+en+2026+et+au-del%C3%A0&body=https:\/\/helpfrontaliers.ch\/en\/guides\/guide-complet-scolarisation-transfrontaliere-a-geneve-en-2026-et-au-dela\/\" data-title=\"Email\" aria-label=\"Share on Email\"><span class=\"fa fa-envelope\"><\/span><\/a><\/li>\t\t\t\t\t<\/ul>\r\n\t\t\t\t<\/div>\r\n\t\t\t<\/div>\r\n\t\t\t<!-- \/\/post share block -->\r\n\t\t<\/div><\/div><div class=\"clear\"><\/div><\/div><\/div><\/div>\r\n\t\t\t\t\t<\/div>\r\n\t\t\t\t<\/div><div class=\"boxed_block_item\">\r\n\t\t\t\t\t<div class=\"item_wrapper gt3_center_mode without_post_meta\"><div class=\"blogboxed_img_block\" style=\"background-image: url(https:\/\/helpfrontaliers.ch\/wp-content\/uploads\/2026\/01\/Design-sans-titre-4-640x640.png);\"><\/div><div class=\"blogboxed_content without_bordered has_img_block\"><div class=\"gt3blogboxed_block_wrap\"><span class=\"post_category\"><a href=\"https:\/\/helpfrontaliers.ch\/en\/category\/guides\/\" rel=\"category tag\">Guides<\/a><\/span><h2 class=\"blog_post_title\"><a href=\"https:\/\/helpfrontaliers.ch\/en\/guides\/guide-pour-negocier-son-salaire-et-ses-avantages-en-suisse-quand-on-est-frontalier\/\">Guide pour n\u00e9gocier son salaire et ses avantages en Suisse quand on est frontalier<\/a><\/h2><div class=\"blogboxed_info_box\"><div class=\"clear\"><\/div><div class=\"gt3_post_footer\"><div class=\"gt3_module_button_list\"><a href=\"https:\/\/helpfrontaliers.ch\/en\/guides\/guide-pour-negocier-son-salaire-et-ses-avantages-en-suisse-quand-on-est-frontalier\/\">J&#039;acc\u00e8de au guide<\/a><\/div><div class=\"blog_post_info\">\t\t\t<!-- post share block -->\r\n\t\t\t<div class=\"post_share_block\">\r\n\t\t\t\t<a href=\"#\"><span class=\"sharing_title\">Share<\/span><\/a>\r\n\t\t\t\t<div class=\"post_share_wrap\">\r\n\t\t\t\t\t<ul>\r\n\t\t\t\t\t\t<li class=\"post_share-facebook\"><a target=\"_blank\" href=\"https:\/\/www.facebook.com\/share.php?u=https:\/\/helpfrontaliers.ch\/en\/guides\/guide-pour-negocier-son-salaire-et-ses-avantages-en-suisse-quand-on-est-frontalier\/\" data-title=\"Facebook\" aria-label=\"Share on Facebook\"><span class=\"fa fa-facebook\"><\/span><\/a><\/li><li class=\"post_share-twitter\"><a target=\"_blank\" href=\"https:\/\/twitter.com\/intent\/tweet?text=Guide%20pour%20n\u00e9gocier%20son%20salaire%20et%20ses%20avantages%20en%20Suisse%20quand%20on%20est%20frontalier&#038;url=https:\/\/helpfrontaliers.ch\/en\/guides\/guide-pour-negocier-son-salaire-et-ses-avantages-en-suisse-quand-on-est-frontalier\/\" data-title=\"Twitter\" aria-label=\"Share on Twitter\"><span class=\"fa fa-twitter\"><\/span><\/a><\/li><li class=\"post_share-pinterest\"><a target=\"_blank\" href=\"https:\/\/pinterest.com\/pin\/create\/button\/?url=https:\/\/helpfrontaliers.ch\/en\/guides\/guide-pour-negocier-son-salaire-et-ses-avantages-en-suisse-quand-on-est-frontalier\/&#038;media=https:\/\/helpfrontaliers.ch\/wp-content\/uploads\/2026\/01\/Design-sans-titre-4.png\" data-elementor-open-lightbox=\"no\" data-title=\"Pinterest\" aria-label=\"Share on Pinterest\"><span class=\"fa fa-pinterest\"><\/span><\/a><\/li><li class=\"post_share-linkedin\"><a target=\"_blank\" href=\"https:\/\/www.linkedin.com\/shareArticle?mini=true&#038;url=https:\/\/helpfrontaliers.ch\/en\/guides\/guide-pour-negocier-son-salaire-et-ses-avantages-en-suisse-quand-on-est-frontalier\/&#038;title=Guide%20pour%20n\u00e9gocier%20son%20salaire%20et%20ses%20avantages%20en%20Suisse%20quand%20on%20est%20frontalier&#038;source=Help%20Frontaliers\" data-title=\"Linkedin\" aria-label=\"Share on Linkedin\"><span class=\"fa fa-linkedin\"><\/span><\/a><\/li><li class=\"post_share-mail\"><a target=\"_blank\" href=\"mailto:?subject=Guide+pour+n%C3%A9gocier+son+salaire+et+ses+avantages+en+Suisse+quand+on+est+frontalier&body=https:\/\/helpfrontaliers.ch\/en\/guides\/guide-pour-negocier-son-salaire-et-ses-avantages-en-suisse-quand-on-est-frontalier\/\" data-title=\"Email\" aria-label=\"Share on Email\"><span class=\"fa fa-envelope\"><\/span><\/a><\/li>\t\t\t\t\t<\/ul>\r\n\t\t\t\t<\/div>\r\n\t\t\t<\/div>\r\n\t\t\t<!-- \/\/post share block -->\r\n\t\t<\/div><\/div><div class=\"clear\"><\/div><\/div><\/div><\/div>\r\n\t\t\t\t\t<\/div>\r\n\t\t\t\t<\/div><div class=\"boxed_block_item\">\r\n\t\t\t\t\t<div class=\"item_wrapper gt3_center_mode without_post_meta\"><div class=\"blogboxed_img_block\" style=\"background-image: url(https:\/\/helpfrontaliers.ch\/wp-content\/uploads\/2026\/02\/Design-sans-titre-2-640x640.png);\"><\/div><div class=\"blogboxed_content without_bordered has_img_block\"><div class=\"gt3blogboxed_block_wrap\"><span class=\"post_category\"><a href=\"https:\/\/helpfrontaliers.ch\/en\/category\/guides\/\" rel=\"category tag\">Guides<\/a><\/span><h2 class=\"blog_post_title\"><a href=\"https:\/\/helpfrontaliers.ch\/en\/guides\/guide-du-frontalier-en-arret-maladie-ou-accident\/\">Guide du frontalier en arr\u00eat maladie ou accident : d\u00e9roul\u00e9 chronologique et conseils pratiques<\/a><\/h2><div class=\"blogboxed_info_box\"><div class=\"clear\"><\/div><div class=\"gt3_post_footer\"><div class=\"gt3_module_button_list\"><a href=\"https:\/\/helpfrontaliers.ch\/en\/guides\/guide-du-frontalier-en-arret-maladie-ou-accident\/\">J&#039;acc\u00e8de au guide<\/a><\/div><div class=\"blog_post_info\">\t\t\t<!-- post share block -->\r\n\t\t\t<div class=\"post_share_block\">\r\n\t\t\t\t<a href=\"#\"><span class=\"sharing_title\">Share<\/span><\/a>\r\n\t\t\t\t<div class=\"post_share_wrap\">\r\n\t\t\t\t\t<ul>\r\n\t\t\t\t\t\t<li class=\"post_share-facebook\"><a target=\"_blank\" href=\"https:\/\/www.facebook.com\/share.php?u=https:\/\/helpfrontaliers.ch\/en\/guides\/guide-du-frontalier-en-arret-maladie-ou-accident\/\" data-title=\"Facebook\" aria-label=\"Share on Facebook\"><span class=\"fa fa-facebook\"><\/span><\/a><\/li><li class=\"post_share-twitter\"><a target=\"_blank\" href=\"https:\/\/twitter.com\/intent\/tweet?text=Guide%20du%20frontalier%20en%20arr\u00eat%20maladie%20ou%20accident%20:%20d\u00e9roul\u00e9%20chronologique%20et%20conseils%20pratiques&#038;url=https:\/\/helpfrontaliers.ch\/en\/guides\/guide-du-frontalier-en-arret-maladie-ou-accident\/\" data-title=\"Twitter\" aria-label=\"Share on Twitter\"><span class=\"fa fa-twitter\"><\/span><\/a><\/li><li class=\"post_share-pinterest\"><a target=\"_blank\" href=\"https:\/\/pinterest.com\/pin\/create\/button\/?url=https:\/\/helpfrontaliers.ch\/en\/guides\/guide-du-frontalier-en-arret-maladie-ou-accident\/&#038;media=https:\/\/helpfrontaliers.ch\/wp-content\/uploads\/2026\/02\/Design-sans-titre-2.png\" data-elementor-open-lightbox=\"no\" data-title=\"Pinterest\" aria-label=\"Share on Pinterest\"><span class=\"fa fa-pinterest\"><\/span><\/a><\/li><li class=\"post_share-linkedin\"><a target=\"_blank\" href=\"https:\/\/www.linkedin.com\/shareArticle?mini=true&#038;url=https:\/\/helpfrontaliers.ch\/en\/guides\/guide-du-frontalier-en-arret-maladie-ou-accident\/&#038;title=Guide%20du%20frontalier%20en%20arr\u00eat%20maladie%20ou%20accident%20:%20d\u00e9roul\u00e9%20chronologique%20et%20conseils%20pratiques&#038;source=Help%20Frontaliers\" data-title=\"Linkedin\" aria-label=\"Share on Linkedin\"><span class=\"fa fa-linkedin\"><\/span><\/a><\/li><li class=\"post_share-mail\"><a target=\"_blank\" href=\"mailto:?subject=Guide+du+frontalier+en+arr%C3%AAt+maladie+ou+accident+%3A+d%C3%A9roul%C3%A9+chronologique+et+conseils+pratiques&body=https:\/\/helpfrontaliers.ch\/en\/guides\/guide-du-frontalier-en-arret-maladie-ou-accident\/\" data-title=\"Email\" aria-label=\"Share on Email\"><span class=\"fa fa-envelope\"><\/span><\/a><\/li>\t\t\t\t\t<\/ul>\r\n\t\t\t\t<\/div>\r\n\t\t\t<\/div>\r\n\t\t\t<!-- \/\/post share block -->\r\n\t\t<\/div><\/div><div class=\"clear\"><\/div><\/div><\/div><\/div>\r\n\t\t\t\t\t<\/div>\r\n\t\t\t\t<\/div><div class=\"boxed_block_item\">\r\n\t\t\t\t\t<div class=\"item_wrapper gt3_center_mode without_post_meta\"><div class=\"blogboxed_img_block\" style=\"background-image: url(https:\/\/helpfrontaliers.ch\/wp-content\/uploads\/2026\/02\/Design-sans-titre-3-640x640.png);\"><\/div><div class=\"blogboxed_content without_bordered has_img_block\"><div class=\"gt3blogboxed_block_wrap\"><span class=\"post_category\"><a href=\"https:\/\/helpfrontaliers.ch\/en\/category\/guides\/\" rel=\"category tag\">Guides<\/a><\/span><h2 class=\"blog_post_title\"><a href=\"https:\/\/helpfrontaliers.ch\/en\/guides\/guide-pour-bien-gerer-une-periode-dessai-en-suisse\/\">Guide pour bien g\u00e9rer une p\u00e9riode d\u2019essai en Suisse : droits, pi\u00e8ges et bonnes pratiques<\/a><\/h2><div class=\"blogboxed_info_box\"><div class=\"clear\"><\/div><div class=\"gt3_post_footer\"><div class=\"gt3_module_button_list\"><a href=\"https:\/\/helpfrontaliers.ch\/en\/guides\/guide-pour-bien-gerer-une-periode-dessai-en-suisse\/\">J&#039;acc\u00e8de au guide<\/a><\/div><div class=\"blog_post_info\">\t\t\t<!-- post share block -->\r\n\t\t\t<div class=\"post_share_block\">\r\n\t\t\t\t<a href=\"#\"><span class=\"sharing_title\">Share<\/span><\/a>\r\n\t\t\t\t<div class=\"post_share_wrap\">\r\n\t\t\t\t\t<ul>\r\n\t\t\t\t\t\t<li class=\"post_share-facebook\"><a target=\"_blank\" href=\"https:\/\/www.facebook.com\/share.php?u=https:\/\/helpfrontaliers.ch\/en\/guides\/guide-pour-bien-gerer-une-periode-dessai-en-suisse\/\" data-title=\"Facebook\" aria-label=\"Share on Facebook\"><span class=\"fa fa-facebook\"><\/span><\/a><\/li><li class=\"post_share-twitter\"><a target=\"_blank\" href=\"https:\/\/twitter.com\/intent\/tweet?text=Guide%20pour%20bien%20g\u00e9rer%20une%20p\u00e9riode%20d\u2019essai%20en%20Suisse%20:%20droits,%20pi\u00e8ges%20et%20bonnes%20pratiques&#038;url=https:\/\/helpfrontaliers.ch\/en\/guides\/guide-pour-bien-gerer-une-periode-dessai-en-suisse\/\" data-title=\"Twitter\" aria-label=\"Share on Twitter\"><span class=\"fa fa-twitter\"><\/span><\/a><\/li><li class=\"post_share-pinterest\"><a target=\"_blank\" href=\"https:\/\/pinterest.com\/pin\/create\/button\/?url=https:\/\/helpfrontaliers.ch\/en\/guides\/guide-pour-bien-gerer-une-periode-dessai-en-suisse\/&#038;media=https:\/\/helpfrontaliers.ch\/wp-content\/uploads\/2026\/02\/Design-sans-titre-3.png\" data-elementor-open-lightbox=\"no\" data-title=\"Pinterest\" aria-label=\"Share on Pinterest\"><span class=\"fa fa-pinterest\"><\/span><\/a><\/li><li class=\"post_share-linkedin\"><a target=\"_blank\" href=\"https:\/\/www.linkedin.com\/shareArticle?mini=true&#038;url=https:\/\/helpfrontaliers.ch\/en\/guides\/guide-pour-bien-gerer-une-periode-dessai-en-suisse\/&#038;title=Guide%20pour%20bien%20g\u00e9rer%20une%20p\u00e9riode%20d\u2019essai%20en%20Suisse%20:%20droits,%20pi\u00e8ges%20et%20bonnes%20pratiques&#038;source=Help%20Frontaliers\" data-title=\"Linkedin\" aria-label=\"Share on Linkedin\"><span class=\"fa fa-linkedin\"><\/span><\/a><\/li><li class=\"post_share-mail\"><a target=\"_blank\" href=\"mailto:?subject=Guide+pour+bien+g%C3%A9rer+une+p%C3%A9riode+d%E2%80%99essai+en+Suisse+%3A+droits%2C+pi%C3%A8ges+et+bonnes+pratiques&body=https:\/\/helpfrontaliers.ch\/en\/guides\/guide-pour-bien-gerer-une-periode-dessai-en-suisse\/\" data-title=\"Email\" aria-label=\"Share on Email\"><span class=\"fa fa-envelope\"><\/span><\/a><\/li>\t\t\t\t\t<\/ul>\r\n\t\t\t\t<\/div>\r\n\t\t\t<\/div>\r\n\t\t\t<!-- \/\/post share block -->\r\n\t\t<\/div><\/div><div class=\"clear\"><\/div><\/div><\/div><\/div>\r\n\t\t\t\t\t<\/div>\r\n\t\t\t\t<\/div><div class=\"boxed_block_item\">\r\n\t\t\t\t\t<div class=\"item_wrapper gt3_center_mode without_post_meta\"><div class=\"blogboxed_img_block\" style=\"background-image: url(https:\/\/helpfrontaliers.ch\/wp-content\/uploads\/2026\/01\/Design-sans-titre-1-1-640x640.png);\"><\/div><div class=\"blogboxed_content without_bordered has_img_block\"><div class=\"gt3blogboxed_block_wrap\"><span class=\"post_category\"><a href=\"https:\/\/helpfrontaliers.ch\/en\/category\/guides\/\" rel=\"category tag\">Guides<\/a><\/span><h2 class=\"blog_post_title\"><a href=\"https:\/\/helpfrontaliers.ch\/en\/guides\/guide-complet-pour-comprendre-et-lire-un-contrat-de-travail-suisse\/\">Guide complet pour comprendre et lire un contrat de travail suisse<\/a><\/h2><div class=\"blogboxed_info_box\"><div class=\"clear\"><\/div><div class=\"gt3_post_footer\"><div class=\"gt3_module_button_list\"><a href=\"https:\/\/helpfrontaliers.ch\/en\/guides\/guide-complet-pour-comprendre-et-lire-un-contrat-de-travail-suisse\/\">J&#039;acc\u00e8de au guide<\/a><\/div><div class=\"blog_post_info\">\t\t\t<!-- post share block -->\r\n\t\t\t<div class=\"post_share_block\">\r\n\t\t\t\t<a href=\"#\"><span class=\"sharing_title\">Share<\/span><\/a>\r\n\t\t\t\t<div class=\"post_share_wrap\">\r\n\t\t\t\t\t<ul>\r\n\t\t\t\t\t\t<li class=\"post_share-facebook\"><a target=\"_blank\" href=\"https:\/\/www.facebook.com\/share.php?u=https:\/\/helpfrontaliers.ch\/en\/guides\/guide-complet-pour-comprendre-et-lire-un-contrat-de-travail-suisse\/\" data-title=\"Facebook\" aria-label=\"Share on Facebook\"><span class=\"fa fa-facebook\"><\/span><\/a><\/li><li class=\"post_share-twitter\"><a target=\"_blank\" href=\"https:\/\/twitter.com\/intent\/tweet?text=Guide%20complet%20pour%20comprendre%20et%20lire%20un%20contrat%20de%20travail%20suisse&#038;url=https:\/\/helpfrontaliers.ch\/en\/guides\/guide-complet-pour-comprendre-et-lire-un-contrat-de-travail-suisse\/\" data-title=\"Twitter\" aria-label=\"Share on Twitter\"><span class=\"fa fa-twitter\"><\/span><\/a><\/li><li class=\"post_share-pinterest\"><a target=\"_blank\" href=\"https:\/\/pinterest.com\/pin\/create\/button\/?url=https:\/\/helpfrontaliers.ch\/en\/guides\/guide-complet-pour-comprendre-et-lire-un-contrat-de-travail-suisse\/&#038;media=https:\/\/helpfrontaliers.ch\/wp-content\/uploads\/2026\/01\/Design-sans-titre-1-1.png\" data-elementor-open-lightbox=\"no\" data-title=\"Pinterest\" aria-label=\"Share on Pinterest\"><span class=\"fa fa-pinterest\"><\/span><\/a><\/li><li class=\"post_share-linkedin\"><a target=\"_blank\" href=\"https:\/\/www.linkedin.com\/shareArticle?mini=true&#038;url=https:\/\/helpfrontaliers.ch\/en\/guides\/guide-complet-pour-comprendre-et-lire-un-contrat-de-travail-suisse\/&#038;title=Guide%20complet%20pour%20comprendre%20et%20lire%20un%20contrat%20de%20travail%20suisse&#038;source=Help%20Frontaliers\" data-title=\"Linkedin\" aria-label=\"Share on Linkedin\"><span class=\"fa fa-linkedin\"><\/span><\/a><\/li><li class=\"post_share-mail\"><a target=\"_blank\" href=\"mailto:?subject=Guide+complet+pour+comprendre+et+lire+un+contrat+de+travail+suisse&body=https:\/\/helpfrontaliers.ch\/en\/guides\/guide-complet-pour-comprendre-et-lire-un-contrat-de-travail-suisse\/\" data-title=\"Email\" aria-label=\"Share on Email\"><span class=\"fa fa-envelope\"><\/span><\/a><\/li>\t\t\t\t\t<\/ul>\r\n\t\t\t\t<\/div>\r\n\t\t\t<\/div>\r\n\t\t\t<!-- \/\/post share block -->\r\n\t\t<\/div><\/div><div class=\"clear\"><\/div><\/div><\/div><\/div>\r\n\t\t\t\t\t<\/div>\r\n\t\t\t\t<\/div><div class=\"boxed_block_item\">\r\n\t\t\t\t\t<div class=\"item_wrapper gt3_center_mode without_post_meta\"><div class=\"blogboxed_img_block\" style=\"background-image: url(https:\/\/helpfrontaliers.ch\/wp-content\/uploads\/2026\/01\/Design-sans-titre-1-640x640.png);\"><\/div><div class=\"blogboxed_content without_bordered has_img_block\"><div class=\"gt3blogboxed_block_wrap\"><span class=\"post_category\"><a href=\"https:\/\/helpfrontaliers.ch\/en\/category\/guides\/\" rel=\"category tag\">Guides<\/a><\/span><h2 class=\"blog_post_title\"><a href=\"https:\/\/helpfrontaliers.ch\/en\/guides\/teletravail-transfrontalier\/\">T\u00e9l\u00e9travail transfrontalier : ce que les frontaliers doivent savoir pour pr\u00e9server leur statut fiscal et assurance<\/a><\/h2><div class=\"blogboxed_info_box\"><div class=\"clear\"><\/div><div class=\"gt3_post_footer\"><div class=\"gt3_module_button_list\"><a href=\"https:\/\/helpfrontaliers.ch\/en\/guides\/teletravail-transfrontalier\/\">J&#039;acc\u00e8de au guide<\/a><\/div><div class=\"blog_post_info\">\t\t\t<!-- post share block -->\r\n\t\t\t<div class=\"post_share_block\">\r\n\t\t\t\t<a href=\"#\"><span class=\"sharing_title\">Share<\/span><\/a>\r\n\t\t\t\t<div class=\"post_share_wrap\">\r\n\t\t\t\t\t<ul>\r\n\t\t\t\t\t\t<li class=\"post_share-facebook\"><a target=\"_blank\" href=\"https:\/\/www.facebook.com\/share.php?u=https:\/\/helpfrontaliers.ch\/en\/guides\/teletravail-transfrontalier\/\" data-title=\"Facebook\" aria-label=\"Share on Facebook\"><span class=\"fa fa-facebook\"><\/span><\/a><\/li><li class=\"post_share-twitter\"><a target=\"_blank\" href=\"https:\/\/twitter.com\/intent\/tweet?text=T\u00e9l\u00e9travail%20transfrontalier%20:%20ce%20que%20les%20frontaliers%20doivent%20savoir%20pour%20pr\u00e9server%20leur%20statut%20fiscal%20et%20assurance&#038;url=https:\/\/helpfrontaliers.ch\/en\/guides\/teletravail-transfrontalier\/\" data-title=\"Twitter\" aria-label=\"Share on Twitter\"><span class=\"fa fa-twitter\"><\/span><\/a><\/li><li class=\"post_share-pinterest\"><a target=\"_blank\" href=\"https:\/\/pinterest.com\/pin\/create\/button\/?url=https:\/\/helpfrontaliers.ch\/en\/guides\/teletravail-transfrontalier\/&#038;media=https:\/\/helpfrontaliers.ch\/wp-content\/uploads\/2026\/01\/Design-sans-titre-1.png\" data-elementor-open-lightbox=\"no\" data-title=\"Pinterest\" aria-label=\"Share on Pinterest\"><span class=\"fa fa-pinterest\"><\/span><\/a><\/li><li class=\"post_share-linkedin\"><a target=\"_blank\" href=\"https:\/\/www.linkedin.com\/shareArticle?mini=true&#038;url=https:\/\/helpfrontaliers.ch\/en\/guides\/teletravail-transfrontalier\/&#038;title=T\u00e9l\u00e9travail%20transfrontalier%20:%20ce%20que%20les%20frontaliers%20doivent%20savoir%20pour%20pr\u00e9server%20leur%20statut%20fiscal%20et%20assurance&#038;source=Help%20Frontaliers\" data-title=\"Linkedin\" aria-label=\"Share on Linkedin\"><span class=\"fa fa-linkedin\"><\/span><\/a><\/li><li class=\"post_share-mail\"><a target=\"_blank\" href=\"mailto:?subject=T%C3%A9l%C3%A9travail+transfrontalier+%3A+ce+que+les+frontaliers+doivent+savoir+pour+pr%C3%A9server+leur+statut+fiscal+et+assurance&body=https:\/\/helpfrontaliers.ch\/en\/guides\/teletravail-transfrontalier\/\" data-title=\"Email\" aria-label=\"Share on Email\"><span class=\"fa fa-envelope\"><\/span><\/a><\/li>\t\t\t\t\t<\/ul>\r\n\t\t\t\t<\/div>\r\n\t\t\t<\/div>\r\n\t\t\t<!-- \/\/post share block -->\r\n\t\t<\/div><\/div><div class=\"clear\"><\/div><\/div><\/div><\/div>\r\n\t\t\t\t\t<\/div>\r\n\t\t\t\t<\/div><div class=\"boxed_block_item\">\r\n\t\t\t\t\t<div class=\"item_wrapper gt3_center_mode without_post_meta\"><div class=\"blogboxed_img_block\" style=\"background-image: url(https:\/\/helpfrontaliers.ch\/wp-content\/uploads\/2026\/01\/24c318ee-bae2-4df7-af8c-7ad1cc316fde-640x640.jpeg);\"><\/div><div class=\"blogboxed_content without_bordered has_img_block\"><div class=\"gt3blogboxed_block_wrap\"><span class=\"post_category\"><a href=\"https:\/\/helpfrontaliers.ch\/en\/category\/guides\/\" rel=\"category tag\">Guides<\/a><\/span><h2 class=\"blog_post_title\"><a href=\"https:\/\/helpfrontaliers.ch\/en\/guides\/transports-en-region-genevoise\/\">Transports en r\u00e9gion genevoise : comment optimiser vos trajets au quotidien<\/a><\/h2><div class=\"blogboxed_info_box\"><div class=\"clear\"><\/div><div class=\"gt3_post_footer\"><div class=\"gt3_module_button_list\"><a href=\"https:\/\/helpfrontaliers.ch\/en\/guides\/transports-en-region-genevoise\/\">J&#039;acc\u00e8de au guide<\/a><\/div><div class=\"blog_post_info\">\t\t\t<!-- post share block -->\r\n\t\t\t<div class=\"post_share_block\">\r\n\t\t\t\t<a href=\"#\"><span class=\"sharing_title\">Share<\/span><\/a>\r\n\t\t\t\t<div class=\"post_share_wrap\">\r\n\t\t\t\t\t<ul>\r\n\t\t\t\t\t\t<li class=\"post_share-facebook\"><a target=\"_blank\" href=\"https:\/\/www.facebook.com\/share.php?u=https:\/\/helpfrontaliers.ch\/en\/guides\/transports-en-region-genevoise\/\" data-title=\"Facebook\" aria-label=\"Share on Facebook\"><span class=\"fa fa-facebook\"><\/span><\/a><\/li><li class=\"post_share-twitter\"><a target=\"_blank\" href=\"https:\/\/twitter.com\/intent\/tweet?text=Transports%20en%20r\u00e9gion%20genevoise%20:%20comment%20optimiser%20vos%20trajets%20au%20quotidien&#038;url=https:\/\/helpfrontaliers.ch\/en\/guides\/transports-en-region-genevoise\/\" data-title=\"Twitter\" aria-label=\"Share on Twitter\"><span class=\"fa fa-twitter\"><\/span><\/a><\/li><li class=\"post_share-pinterest\"><a target=\"_blank\" href=\"https:\/\/pinterest.com\/pin\/create\/button\/?url=https:\/\/helpfrontaliers.ch\/en\/guides\/transports-en-region-genevoise\/&#038;media=https:\/\/helpfrontaliers.ch\/wp-content\/uploads\/2026\/01\/24c318ee-bae2-4df7-af8c-7ad1cc316fde.jpeg\" data-elementor-open-lightbox=\"no\" data-title=\"Pinterest\" aria-label=\"Share on Pinterest\"><span class=\"fa fa-pinterest\"><\/span><\/a><\/li><li class=\"post_share-linkedin\"><a target=\"_blank\" href=\"https:\/\/www.linkedin.com\/shareArticle?mini=true&#038;url=https:\/\/helpfrontaliers.ch\/en\/guides\/transports-en-region-genevoise\/&#038;title=Transports%20en%20r\u00e9gion%20genevoise%20:%20comment%20optimiser%20vos%20trajets%20au%20quotidien&#038;source=Help%20Frontaliers\" data-title=\"Linkedin\" aria-label=\"Share on Linkedin\"><span class=\"fa fa-linkedin\"><\/span><\/a><\/li><li class=\"post_share-mail\"><a target=\"_blank\" href=\"mailto:?subject=Transports+en+r%C3%A9gion+genevoise+%3A+comment+optimiser+vos+trajets+au+quotidien&body=https:\/\/helpfrontaliers.ch\/en\/guides\/transports-en-region-genevoise\/\" data-title=\"Email\" aria-label=\"Share on Email\"><span class=\"fa fa-envelope\"><\/span><\/a><\/li>\t\t\t\t\t<\/ul>\r\n\t\t\t\t<\/div>\r\n\t\t\t<\/div>\r\n\t\t\t<!-- \/\/post share block -->\r\n\t\t<\/div><\/div><div class=\"clear\"><\/div><\/div><\/div><\/div>\r\n\t\t\t\t\t<\/div>\r\n\t\t\t\t<\/div><div class=\"boxed_block_item\">\r\n\t\t\t\t\t<div class=\"item_wrapper gt3_center_mode without_post_meta\"><div class=\"blogboxed_img_block\" style=\"background-image: url(https:\/\/helpfrontaliers.ch\/wp-content\/uploads\/2026\/01\/Design-sans-titre-640x640.png);\"><\/div><div class=\"blogboxed_content without_bordered has_img_block\"><div class=\"gt3blogboxed_block_wrap\"><span class=\"post_category\"><a href=\"https:\/\/helpfrontaliers.ch\/en\/category\/guides\/\" rel=\"category tag\">Guides<\/a><\/span><h2 class=\"blog_post_title\"><a href=\"https:\/\/helpfrontaliers.ch\/en\/guides\/assurance-vieillesse-et-survivants-avs-en-suisse-le-guide-complet-pour-comprendre-et-optimiser-sa-retraite\/\">Assurance Vieillesse et Survivants (AVS) en Suisse : le guide complet pour comprendre et optimiser sa retraite<\/a><\/h2><div class=\"blogboxed_info_box\"><div class=\"clear\"><\/div><div class=\"gt3_post_footer\"><div class=\"gt3_module_button_list\"><a href=\"https:\/\/helpfrontaliers.ch\/en\/guides\/assurance-vieillesse-et-survivants-avs-en-suisse-le-guide-complet-pour-comprendre-et-optimiser-sa-retraite\/\">J&#039;acc\u00e8de au guide<\/a><\/div><div class=\"blog_post_info\">\t\t\t<!-- post share block -->\r\n\t\t\t<div class=\"post_share_block\">\r\n\t\t\t\t<a href=\"#\"><span class=\"sharing_title\">Share<\/span><\/a>\r\n\t\t\t\t<div class=\"post_share_wrap\">\r\n\t\t\t\t\t<ul>\r\n\t\t\t\t\t\t<li class=\"post_share-facebook\"><a target=\"_blank\" href=\"https:\/\/www.facebook.com\/share.php?u=https:\/\/helpfrontaliers.ch\/en\/guides\/assurance-vieillesse-et-survivants-avs-en-suisse-le-guide-complet-pour-comprendre-et-optimiser-sa-retraite\/\" data-title=\"Facebook\" aria-label=\"Share on Facebook\"><span class=\"fa fa-facebook\"><\/span><\/a><\/li><li class=\"post_share-twitter\"><a target=\"_blank\" href=\"https:\/\/twitter.com\/intent\/tweet?text=Assurance%20Vieillesse%20et%20Survivants%20(AVS)%20en%20Suisse%20:%20le%20guide%20complet%20pour%20comprendre%20et%20optimiser%20sa%20retraite&#038;url=https:\/\/helpfrontaliers.ch\/en\/guides\/assurance-vieillesse-et-survivants-avs-en-suisse-le-guide-complet-pour-comprendre-et-optimiser-sa-retraite\/\" data-title=\"Twitter\" aria-label=\"Share on Twitter\"><span class=\"fa fa-twitter\"><\/span><\/a><\/li><li class=\"post_share-pinterest\"><a target=\"_blank\" href=\"https:\/\/pinterest.com\/pin\/create\/button\/?url=https:\/\/helpfrontaliers.ch\/en\/guides\/assurance-vieillesse-et-survivants-avs-en-suisse-le-guide-complet-pour-comprendre-et-optimiser-sa-retraite\/&#038;media=https:\/\/helpfrontaliers.ch\/wp-content\/uploads\/2026\/01\/Design-sans-titre.png\" data-elementor-open-lightbox=\"no\" data-title=\"Pinterest\" aria-label=\"Share on Pinterest\"><span class=\"fa fa-pinterest\"><\/span><\/a><\/li><li class=\"post_share-linkedin\"><a target=\"_blank\" href=\"https:\/\/www.linkedin.com\/shareArticle?mini=true&#038;url=https:\/\/helpfrontaliers.ch\/en\/guides\/assurance-vieillesse-et-survivants-avs-en-suisse-le-guide-complet-pour-comprendre-et-optimiser-sa-retraite\/&#038;title=Assurance%20Vieillesse%20et%20Survivants%20(AVS)%20en%20Suisse%20:%20le%20guide%20complet%20pour%20comprendre%20et%20optimiser%20sa%20retraite&#038;source=Help%20Frontaliers\" data-title=\"Linkedin\" aria-label=\"Share on Linkedin\"><span class=\"fa fa-linkedin\"><\/span><\/a><\/li><li class=\"post_share-mail\"><a target=\"_blank\" href=\"mailto:?subject=Assurance+Vieillesse+et+Survivants+%28AVS%29+en+Suisse+%3A+le+guide+complet+pour+comprendre+et+optimiser+sa+retraite&body=https:\/\/helpfrontaliers.ch\/en\/guides\/assurance-vieillesse-et-survivants-avs-en-suisse-le-guide-complet-pour-comprendre-et-optimiser-sa-retraite\/\" data-title=\"Email\" aria-label=\"Share on Email\"><span class=\"fa fa-envelope\"><\/span><\/a><\/li>\t\t\t\t\t<\/ul>\r\n\t\t\t\t<\/div>\r\n\t\t\t<\/div>\r\n\t\t\t<!-- \/\/post share block -->\r\n\t\t<\/div><\/div><div class=\"clear\"><\/div><\/div><\/div><\/div>\r\n\t\t\t\t\t<\/div>\r\n\t\t\t\t<\/div><div class=\"boxed_block_item\">\r\n\t\t\t\t\t<div class=\"item_wrapper gt3_center_mode without_post_meta\"><div class=\"blogboxed_img_block\" style=\"background-image: url(https:\/\/helpfrontaliers.ch\/wp-content\/uploads\/2025\/12\/Design-sans-titre-6-640x640.png);\"><\/div><div class=\"blogboxed_content without_bordered has_img_block\"><div class=\"gt3blogboxed_block_wrap\"><span class=\"post_category\"><a href=\"https:\/\/helpfrontaliers.ch\/en\/category\/guides\/\" rel=\"category tag\">Guides<\/a><\/span><h2 class=\"blog_post_title\"><a href=\"https:\/\/helpfrontaliers.ch\/en\/guides\/investir-quand-on-est-frontalier-le-guide-complet-2026-pour-construire-et-optimiser-son-patrimoine\/\">Investir quand on est frontalier : Le guide complet 2026 pour construire et optimiser son patrimoine<\/a><\/h2><div class=\"blogboxed_info_box\"><div class=\"clear\"><\/div><div class=\"gt3_post_footer\"><div class=\"gt3_module_button_list\"><a href=\"https:\/\/helpfrontaliers.ch\/en\/guides\/investir-quand-on-est-frontalier-le-guide-complet-2026-pour-construire-et-optimiser-son-patrimoine\/\">J&#039;acc\u00e8de au guide<\/a><\/div><div class=\"blog_post_info\">\t\t\t<!-- post share block -->\r\n\t\t\t<div class=\"post_share_block\">\r\n\t\t\t\t<a href=\"#\"><span class=\"sharing_title\">Share<\/span><\/a>\r\n\t\t\t\t<div class=\"post_share_wrap\">\r\n\t\t\t\t\t<ul>\r\n\t\t\t\t\t\t<li class=\"post_share-facebook\"><a target=\"_blank\" href=\"https:\/\/www.facebook.com\/share.php?u=https:\/\/helpfrontaliers.ch\/en\/guides\/investir-quand-on-est-frontalier-le-guide-complet-2026-pour-construire-et-optimiser-son-patrimoine\/\" data-title=\"Facebook\" aria-label=\"Share on Facebook\"><span class=\"fa fa-facebook\"><\/span><\/a><\/li><li class=\"post_share-twitter\"><a target=\"_blank\" href=\"https:\/\/twitter.com\/intent\/tweet?text=Investir%20quand%20on%20est%20frontalier%20:%20Le%20guide%20complet%202026%20pour%20construire%20et%20optimiser%20son%20patrimoine&#038;url=https:\/\/helpfrontaliers.ch\/en\/guides\/investir-quand-on-est-frontalier-le-guide-complet-2026-pour-construire-et-optimiser-son-patrimoine\/\" data-title=\"Twitter\" aria-label=\"Share on Twitter\"><span class=\"fa fa-twitter\"><\/span><\/a><\/li><li class=\"post_share-pinterest\"><a target=\"_blank\" href=\"https:\/\/pinterest.com\/pin\/create\/button\/?url=https:\/\/helpfrontaliers.ch\/en\/guides\/investir-quand-on-est-frontalier-le-guide-complet-2026-pour-construire-et-optimiser-son-patrimoine\/&#038;media=https:\/\/helpfrontaliers.ch\/wp-content\/uploads\/2025\/12\/Design-sans-titre-6.png\" data-elementor-open-lightbox=\"no\" data-title=\"Pinterest\" aria-label=\"Share on Pinterest\"><span class=\"fa fa-pinterest\"><\/span><\/a><\/li><li class=\"post_share-linkedin\"><a target=\"_blank\" href=\"https:\/\/www.linkedin.com\/shareArticle?mini=true&#038;url=https:\/\/helpfrontaliers.ch\/en\/guides\/investir-quand-on-est-frontalier-le-guide-complet-2026-pour-construire-et-optimiser-son-patrimoine\/&#038;title=Investir%20quand%20on%20est%20frontalier%20:%20Le%20guide%20complet%202026%20pour%20construire%20et%20optimiser%20son%20patrimoine&#038;source=Help%20Frontaliers\" data-title=\"Linkedin\" aria-label=\"Share on Linkedin\"><span class=\"fa fa-linkedin\"><\/span><\/a><\/li><li class=\"post_share-mail\"><a target=\"_blank\" href=\"mailto:?subject=Investir+quand+on+est+frontalier+%3A+Le+guide+complet+2026+pour+construire+et+optimiser+son+patrimoine&body=https:\/\/helpfrontaliers.ch\/en\/guides\/investir-quand-on-est-frontalier-le-guide-complet-2026-pour-construire-et-optimiser-son-patrimoine\/\" data-title=\"Email\" aria-label=\"Share on Email\"><span class=\"fa fa-envelope\"><\/span><\/a><\/li>\t\t\t\t\t<\/ul>\r\n\t\t\t\t<\/div>\r\n\t\t\t<\/div>\r\n\t\t\t<!-- \/\/post share block -->\r\n\t\t<\/div><\/div><div class=\"clear\"><\/div><\/div><\/div><\/div>\r\n\t\t\t\t\t<\/div>\r\n\t\t\t\t<\/div><div class=\"boxed_block_item\">\r\n\t\t\t\t\t<div class=\"item_wrapper gt3_center_mode without_post_meta\"><div class=\"blogboxed_img_block\" style=\"background-image: url(https:\/\/helpfrontaliers.ch\/wp-content\/uploads\/2025\/12\/Design-sans-titre-5-640x640.png);\"><\/div><div class=\"blogboxed_content without_bordered has_img_block\"><div class=\"gt3blogboxed_block_wrap\"><span class=\"post_category\"><a href=\"https:\/\/helpfrontaliers.ch\/en\/category\/guides\/\" rel=\"category tag\">Guides<\/a><\/span><h2 class=\"blog_post_title\"><a href=\"https:\/\/helpfrontaliers.ch\/en\/guides\/la-retraite-en-suisse-expliquee-fonctionnement-piliers-age-de-depart-et-optimisation\/\">La retraite en Suisse expliqu\u00e9e : fonctionnement, piliers, \u00e2ge de d\u00e9part et optimisation<\/a><\/h2><div class=\"blogboxed_info_box\"><div class=\"clear\"><\/div><div class=\"gt3_post_footer\"><div class=\"gt3_module_button_list\"><a href=\"https:\/\/helpfrontaliers.ch\/en\/guides\/la-retraite-en-suisse-expliquee-fonctionnement-piliers-age-de-depart-et-optimisation\/\">J&#039;acc\u00e8de au guide<\/a><\/div><div class=\"blog_post_info\">\t\t\t<!-- post share block -->\r\n\t\t\t<div class=\"post_share_block\">\r\n\t\t\t\t<a href=\"#\"><span class=\"sharing_title\">Share<\/span><\/a>\r\n\t\t\t\t<div class=\"post_share_wrap\">\r\n\t\t\t\t\t<ul>\r\n\t\t\t\t\t\t<li class=\"post_share-facebook\"><a target=\"_blank\" href=\"https:\/\/www.facebook.com\/share.php?u=https:\/\/helpfrontaliers.ch\/en\/guides\/la-retraite-en-suisse-expliquee-fonctionnement-piliers-age-de-depart-et-optimisation\/\" data-title=\"Facebook\" aria-label=\"Share on Facebook\"><span class=\"fa fa-facebook\"><\/span><\/a><\/li><li class=\"post_share-twitter\"><a target=\"_blank\" href=\"https:\/\/twitter.com\/intent\/tweet?text=La%20retraite%20en%20Suisse%20expliqu\u00e9e%20:%20fonctionnement,%20piliers,%20\u00e2ge%20de%20d\u00e9part%20et%20optimisation&#038;url=https:\/\/helpfrontaliers.ch\/en\/guides\/la-retraite-en-suisse-expliquee-fonctionnement-piliers-age-de-depart-et-optimisation\/\" data-title=\"Twitter\" aria-label=\"Share on Twitter\"><span class=\"fa fa-twitter\"><\/span><\/a><\/li><li class=\"post_share-pinterest\"><a target=\"_blank\" href=\"https:\/\/pinterest.com\/pin\/create\/button\/?url=https:\/\/helpfrontaliers.ch\/en\/guides\/la-retraite-en-suisse-expliquee-fonctionnement-piliers-age-de-depart-et-optimisation\/&#038;media=https:\/\/helpfrontaliers.ch\/wp-content\/uploads\/2025\/12\/Design-sans-titre-5.png\" data-elementor-open-lightbox=\"no\" data-title=\"Pinterest\" aria-label=\"Share on Pinterest\"><span class=\"fa fa-pinterest\"><\/span><\/a><\/li><li class=\"post_share-linkedin\"><a target=\"_blank\" href=\"https:\/\/www.linkedin.com\/shareArticle?mini=true&#038;url=https:\/\/helpfrontaliers.ch\/en\/guides\/la-retraite-en-suisse-expliquee-fonctionnement-piliers-age-de-depart-et-optimisation\/&#038;title=La%20retraite%20en%20Suisse%20expliqu\u00e9e%20:%20fonctionnement,%20piliers,%20\u00e2ge%20de%20d\u00e9part%20et%20optimisation&#038;source=Help%20Frontaliers\" data-title=\"Linkedin\" aria-label=\"Share on Linkedin\"><span class=\"fa fa-linkedin\"><\/span><\/a><\/li><li class=\"post_share-mail\"><a target=\"_blank\" href=\"mailto:?subject=La+retraite+en+Suisse+expliqu%C3%A9e+%3A+fonctionnement%2C+piliers%2C+%C3%A2ge+de+d%C3%A9part+et+optimisation&body=https:\/\/helpfrontaliers.ch\/en\/guides\/la-retraite-en-suisse-expliquee-fonctionnement-piliers-age-de-depart-et-optimisation\/\" data-title=\"Email\" aria-label=\"Share on Email\"><span class=\"fa fa-envelope\"><\/span><\/a><\/li>\t\t\t\t\t<\/ul>\r\n\t\t\t\t<\/div>\r\n\t\t\t<\/div>\r\n\t\t\t<!-- \/\/post share block -->\r\n\t\t<\/div><\/div><div class=\"clear\"><\/div><\/div><\/div><\/div>\r\n\t\t\t\t\t<\/div>\r\n\t\t\t\t<\/div><div class=\"boxed_block_item\">\r\n\t\t\t\t\t<div class=\"item_wrapper gt3_center_mode without_post_meta\"><div class=\"blogboxed_img_block\" style=\"background-image: url(https:\/\/helpfrontaliers.ch\/wp-content\/uploads\/2025\/12\/Design-sans-titre-3-640x640.png);\"><\/div><div class=\"blogboxed_content without_bordered has_img_block\"><div class=\"gt3blogboxed_block_wrap\"><span class=\"post_category\"><a href=\"https:\/\/helpfrontaliers.ch\/en\/category\/guides\/\" rel=\"category tag\">Guides<\/a><\/span><h2 class=\"blog_post_title\"><a href=\"https:\/\/helpfrontaliers.ch\/en\/guides\/fiche-de-salaire-en-suisse-2026-le-guide-complet-pour-frontaliers-et-nouveaux-arrivants\/\">Fiche de salaire en Suisse 2026 : Le guide complet pour frontaliers et nouveaux arrivants<\/a><\/h2><div class=\"blogboxed_info_box\"><div class=\"clear\"><\/div><div class=\"gt3_post_footer\"><div class=\"gt3_module_button_list\"><a href=\"https:\/\/helpfrontaliers.ch\/en\/guides\/fiche-de-salaire-en-suisse-2026-le-guide-complet-pour-frontaliers-et-nouveaux-arrivants\/\">J&#039;acc\u00e8de au guide<\/a><\/div><div class=\"blog_post_info\">\t\t\t<!-- post share block -->\r\n\t\t\t<div class=\"post_share_block\">\r\n\t\t\t\t<a href=\"#\"><span class=\"sharing_title\">Share<\/span><\/a>\r\n\t\t\t\t<div class=\"post_share_wrap\">\r\n\t\t\t\t\t<ul>\r\n\t\t\t\t\t\t<li class=\"post_share-facebook\"><a target=\"_blank\" href=\"https:\/\/www.facebook.com\/share.php?u=https:\/\/helpfrontaliers.ch\/en\/guides\/fiche-de-salaire-en-suisse-2026-le-guide-complet-pour-frontaliers-et-nouveaux-arrivants\/\" data-title=\"Facebook\" aria-label=\"Share on Facebook\"><span class=\"fa fa-facebook\"><\/span><\/a><\/li><li class=\"post_share-twitter\"><a target=\"_blank\" href=\"https:\/\/twitter.com\/intent\/tweet?text=Fiche%20de%20salaire%20en%20Suisse%202026%20:%20Le%20guide%20complet%20pour%20frontaliers%20et%20nouveaux%20arrivants&#038;url=https:\/\/helpfrontaliers.ch\/en\/guides\/fiche-de-salaire-en-suisse-2026-le-guide-complet-pour-frontaliers-et-nouveaux-arrivants\/\" data-title=\"Twitter\" aria-label=\"Share on Twitter\"><span class=\"fa fa-twitter\"><\/span><\/a><\/li><li class=\"post_share-pinterest\"><a target=\"_blank\" href=\"https:\/\/pinterest.com\/pin\/create\/button\/?url=https:\/\/helpfrontaliers.ch\/en\/guides\/fiche-de-salaire-en-suisse-2026-le-guide-complet-pour-frontaliers-et-nouveaux-arrivants\/&#038;media=https:\/\/helpfrontaliers.ch\/wp-content\/uploads\/2025\/12\/Design-sans-titre-3.png\" data-elementor-open-lightbox=\"no\" data-title=\"Pinterest\" aria-label=\"Share on Pinterest\"><span class=\"fa fa-pinterest\"><\/span><\/a><\/li><li class=\"post_share-linkedin\"><a target=\"_blank\" href=\"https:\/\/www.linkedin.com\/shareArticle?mini=true&#038;url=https:\/\/helpfrontaliers.ch\/en\/guides\/fiche-de-salaire-en-suisse-2026-le-guide-complet-pour-frontaliers-et-nouveaux-arrivants\/&#038;title=Fiche%20de%20salaire%20en%20Suisse%202026%20:%20Le%20guide%20complet%20pour%20frontaliers%20et%20nouveaux%20arrivants&#038;source=Help%20Frontaliers\" data-title=\"Linkedin\" aria-label=\"Share on Linkedin\"><span class=\"fa fa-linkedin\"><\/span><\/a><\/li><li class=\"post_share-mail\"><a target=\"_blank\" href=\"mailto:?subject=Fiche+de+salaire+en+Suisse+2026+%3A+Le+guide+complet+pour+frontaliers+et+nouveaux+arrivants&body=https:\/\/helpfrontaliers.ch\/en\/guides\/fiche-de-salaire-en-suisse-2026-le-guide-complet-pour-frontaliers-et-nouveaux-arrivants\/\" data-title=\"Email\" aria-label=\"Share on Email\"><span class=\"fa fa-envelope\"><\/span><\/a><\/li>\t\t\t\t\t<\/ul>\r\n\t\t\t\t<\/div>\r\n\t\t\t<\/div>\r\n\t\t\t<!-- \/\/post share block -->\r\n\t\t<\/div><\/div><div class=\"clear\"><\/div><\/div><\/div><\/div>\r\n\t\t\t\t\t<\/div>\r\n\t\t\t\t<\/div><div class=\"boxed_block_item\">\r\n\t\t\t\t\t<div class=\"item_wrapper gt3_center_mode without_post_meta\"><div class=\"blogboxed_img_block\" style=\"background-image: url(https:\/\/helpfrontaliers.ch\/wp-content\/uploads\/2025\/12\/28256-le-projet-de-budget-2026-du-canton-de-berne-presente-un-benefice-de-365-millions-de-francs-photo-pre-640x640.jpg);\"><\/div><div class=\"blogboxed_content without_bordered has_img_block\"><div class=\"gt3blogboxed_block_wrap\"><span class=\"post_category\"><a href=\"https:\/\/helpfrontaliers.ch\/en\/category\/guides\/\" rel=\"category tag\">Guides<\/a><\/span><h2 class=\"blog_post_title\"><a href=\"https:\/\/helpfrontaliers.ch\/en\/guides\/budget-frontalier-france-suisse\/\">Quel est le budget d\u2019un frontalier France\u2013Suisse en 2025 ? Co\u00fbts, d\u00e9penses et conseils pour bien g\u00e9rer son revenu.<\/a><\/h2><div class=\"blogboxed_info_box\"><div class=\"clear\"><\/div><div class=\"gt3_post_footer\"><div class=\"gt3_module_button_list\"><a href=\"https:\/\/helpfrontaliers.ch\/en\/guides\/budget-frontalier-france-suisse\/\">J&#039;acc\u00e8de au guide<\/a><\/div><div class=\"blog_post_info\">\t\t\t<!-- post share block -->\r\n\t\t\t<div class=\"post_share_block\">\r\n\t\t\t\t<a href=\"#\"><span class=\"sharing_title\">Share<\/span><\/a>\r\n\t\t\t\t<div class=\"post_share_wrap\">\r\n\t\t\t\t\t<ul>\r\n\t\t\t\t\t\t<li class=\"post_share-facebook\"><a target=\"_blank\" href=\"https:\/\/www.facebook.com\/share.php?u=https:\/\/helpfrontaliers.ch\/en\/guides\/budget-frontalier-france-suisse\/\" data-title=\"Facebook\" aria-label=\"Share on Facebook\"><span class=\"fa fa-facebook\"><\/span><\/a><\/li><li class=\"post_share-twitter\"><a target=\"_blank\" href=\"https:\/\/twitter.com\/intent\/tweet?text=Quel%20est%20le%20budget%20d\u2019un%20frontalier%20France\u2013Suisse%20en%202025%20?%20Co\u00fbts,%20d\u00e9penses%20et%20conseils%20pour%20bien%20g\u00e9rer%20son%20revenu.&#038;url=https:\/\/helpfrontaliers.ch\/en\/guides\/budget-frontalier-france-suisse\/\" data-title=\"Twitter\" aria-label=\"Share on Twitter\"><span class=\"fa fa-twitter\"><\/span><\/a><\/li><li class=\"post_share-pinterest\"><a target=\"_blank\" href=\"https:\/\/pinterest.com\/pin\/create\/button\/?url=https:\/\/helpfrontaliers.ch\/en\/guides\/budget-frontalier-france-suisse\/&#038;media=https:\/\/helpfrontaliers.ch\/wp-content\/uploads\/2025\/12\/28256-le-projet-de-budget-2026-du-canton-de-berne-presente-un-benefice-de-365-millions-de-francs-photo-pre.jpg\" data-elementor-open-lightbox=\"no\" data-title=\"Pinterest\" aria-label=\"Share on Pinterest\"><span class=\"fa fa-pinterest\"><\/span><\/a><\/li><li class=\"post_share-linkedin\"><a target=\"_blank\" href=\"https:\/\/www.linkedin.com\/shareArticle?mini=true&#038;url=https:\/\/helpfrontaliers.ch\/en\/guides\/budget-frontalier-france-suisse\/&#038;title=Quel%20est%20le%20budget%20d\u2019un%20frontalier%20France\u2013Suisse%20en%202025%20?%20Co\u00fbts,%20d\u00e9penses%20et%20conseils%20pour%20bien%20g\u00e9rer%20son%20revenu.&#038;source=Help%20Frontaliers\" data-title=\"Linkedin\" aria-label=\"Share on Linkedin\"><span class=\"fa fa-linkedin\"><\/span><\/a><\/li><li class=\"post_share-mail\"><a target=\"_blank\" href=\"mailto:?subject=Quel+est+le+budget+d%E2%80%99un+frontalier+France%E2%80%93Suisse+en+2025+%3F+Co%C3%BBts%2C+d%C3%A9penses+et+conseils+pour+bien+g%C3%A9rer+son+revenu.&body=https:\/\/helpfrontaliers.ch\/en\/guides\/budget-frontalier-france-suisse\/\" data-title=\"Email\" aria-label=\"Share on Email\"><span class=\"fa fa-envelope\"><\/span><\/a><\/li>\t\t\t\t\t<\/ul>\r\n\t\t\t\t<\/div>\r\n\t\t\t<\/div>\r\n\t\t\t<!-- \/\/post share block -->\r\n\t\t<\/div><\/div><div class=\"clear\"><\/div><\/div><\/div><\/div>\r\n\t\t\t\t\t<\/div>\r\n\t\t\t\t<\/div><div class=\"boxed_block_item\">\r\n\t\t\t\t\t<div class=\"item_wrapper gt3_center_mode without_post_meta\"><div class=\"blogboxed_img_block\" style=\"background-image: url(https:\/\/helpfrontaliers.ch\/wp-content\/uploads\/2025\/09\/2f840702-a9d9-40f2-bcd0-172830c8ed61-640x640.jpg);\"><\/div><div class=\"blogboxed_content without_bordered has_img_block\"><div class=\"gt3blogboxed_block_wrap\"><span class=\"post_category\"><a href=\"https:\/\/helpfrontaliers.ch\/en\/category\/guides\/\" rel=\"category tag\">Guides<\/a><\/span><h2 class=\"blog_post_title\"><a href=\"https:\/\/helpfrontaliers.ch\/en\/guides\/les-secteurs-qui-recrutent-en-suisse-opportunites-pour-les-frontaliers\/\">Les secteurs qui recrutent en Suisse : opportunit\u00e9s pour les frontaliers<\/a><\/h2><div class=\"blogboxed_info_box\"><div class=\"clear\"><\/div><div class=\"gt3_post_footer\"><div class=\"gt3_module_button_list\"><a href=\"https:\/\/helpfrontaliers.ch\/en\/guides\/les-secteurs-qui-recrutent-en-suisse-opportunites-pour-les-frontaliers\/\">J&#039;acc\u00e8de au guide<\/a><\/div><div class=\"blog_post_info\">\t\t\t<!-- post share block -->\r\n\t\t\t<div class=\"post_share_block\">\r\n\t\t\t\t<a href=\"#\"><span class=\"sharing_title\">Share<\/span><\/a>\r\n\t\t\t\t<div class=\"post_share_wrap\">\r\n\t\t\t\t\t<ul>\r\n\t\t\t\t\t\t<li class=\"post_share-facebook\"><a target=\"_blank\" href=\"https:\/\/www.facebook.com\/share.php?u=https:\/\/helpfrontaliers.ch\/en\/guides\/les-secteurs-qui-recrutent-en-suisse-opportunites-pour-les-frontaliers\/\" data-title=\"Facebook\" aria-label=\"Share on Facebook\"><span class=\"fa fa-facebook\"><\/span><\/a><\/li><li class=\"post_share-twitter\"><a target=\"_blank\" href=\"https:\/\/twitter.com\/intent\/tweet?text=Les%20secteurs%20qui%20recrutent%20en%20Suisse%20:%20opportunit\u00e9s%20pour%20les%20frontaliers&#038;url=https:\/\/helpfrontaliers.ch\/en\/guides\/les-secteurs-qui-recrutent-en-suisse-opportunites-pour-les-frontaliers\/\" data-title=\"Twitter\" aria-label=\"Share on Twitter\"><span class=\"fa fa-twitter\"><\/span><\/a><\/li><li class=\"post_share-pinterest\"><a target=\"_blank\" href=\"https:\/\/pinterest.com\/pin\/create\/button\/?url=https:\/\/helpfrontaliers.ch\/en\/guides\/les-secteurs-qui-recrutent-en-suisse-opportunites-pour-les-frontaliers\/&#038;media=https:\/\/helpfrontaliers.ch\/wp-content\/uploads\/2025\/09\/2f840702-a9d9-40f2-bcd0-172830c8ed61.jpg\" data-elementor-open-lightbox=\"no\" data-title=\"Pinterest\" aria-label=\"Share on Pinterest\"><span class=\"fa fa-pinterest\"><\/span><\/a><\/li><li class=\"post_share-linkedin\"><a target=\"_blank\" href=\"https:\/\/www.linkedin.com\/shareArticle?mini=true&#038;url=https:\/\/helpfrontaliers.ch\/en\/guides\/les-secteurs-qui-recrutent-en-suisse-opportunites-pour-les-frontaliers\/&#038;title=Les%20secteurs%20qui%20recrutent%20en%20Suisse%20:%20opportunit\u00e9s%20pour%20les%20frontaliers&#038;source=Help%20Frontaliers\" data-title=\"Linkedin\" aria-label=\"Share on Linkedin\"><span class=\"fa fa-linkedin\"><\/span><\/a><\/li><li class=\"post_share-mail\"><a target=\"_blank\" href=\"mailto:?subject=Les+secteurs+qui+recrutent+en+Suisse+%3A+opportunit%C3%A9s+pour+les+frontaliers&body=https:\/\/helpfrontaliers.ch\/en\/guides\/les-secteurs-qui-recrutent-en-suisse-opportunites-pour-les-frontaliers\/\" data-title=\"Email\" aria-label=\"Share on Email\"><span class=\"fa fa-envelope\"><\/span><\/a><\/li>\t\t\t\t\t<\/ul>\r\n\t\t\t\t<\/div>\r\n\t\t\t<\/div>\r\n\t\t\t<!-- \/\/post share block -->\r\n\t\t<\/div><\/div><div class=\"clear\"><\/div><\/div><\/div><\/div>\r\n\t\t\t\t\t<\/div>\r\n\t\t\t\t<\/div><div class=\"boxed_block_item\">\r\n\t\t\t\t\t<div class=\"item_wrapper gt3_center_mode without_post_meta\"><div class=\"blogboxed_img_block\" style=\"background-image: url(https:\/\/helpfrontaliers.ch\/wp-content\/uploads\/2025\/11\/B9734293568Z.1_20230517105341_000GTFMPJ5RA.1-0-640x640.jpg);\"><\/div><div class=\"blogboxed_content without_bordered has_img_block\"><div class=\"gt3blogboxed_block_wrap\"><span class=\"post_category\"><a href=\"https:\/\/helpfrontaliers.ch\/en\/category\/guides\/\" rel=\"category tag\">Guides<\/a><\/span><h2 class=\"blog_post_title\"><a href=\"https:\/\/helpfrontaliers.ch\/en\/guides\/ou-habiter-a-la-frontiere-franco-suisse-guide-complet-2025-des-meilleures-zones-pour-les-frontaliers\/\">O\u00f9 habiter \u00e0 la fronti\u00e8re franco-suisse ? Guide complet 2025 des meilleures zones pour les frontaliers<\/a><\/h2><div class=\"blogboxed_info_box\"><div class=\"clear\"><\/div><div class=\"gt3_post_footer\"><div class=\"gt3_module_button_list\"><a href=\"https:\/\/helpfrontaliers.ch\/en\/guides\/ou-habiter-a-la-frontiere-franco-suisse-guide-complet-2025-des-meilleures-zones-pour-les-frontaliers\/\">J&#039;acc\u00e8de au guide<\/a><\/div><div class=\"blog_post_info\">\t\t\t<!-- post share block -->\r\n\t\t\t<div class=\"post_share_block\">\r\n\t\t\t\t<a href=\"#\"><span class=\"sharing_title\">Share<\/span><\/a>\r\n\t\t\t\t<div class=\"post_share_wrap\">\r\n\t\t\t\t\t<ul>\r\n\t\t\t\t\t\t<li class=\"post_share-facebook\"><a target=\"_blank\" href=\"https:\/\/www.facebook.com\/share.php?u=https:\/\/helpfrontaliers.ch\/en\/guides\/ou-habiter-a-la-frontiere-franco-suisse-guide-complet-2025-des-meilleures-zones-pour-les-frontaliers\/\" data-title=\"Facebook\" aria-label=\"Share on Facebook\"><span class=\"fa fa-facebook\"><\/span><\/a><\/li><li class=\"post_share-twitter\"><a target=\"_blank\" href=\"https:\/\/twitter.com\/intent\/tweet?text=O\u00f9%20habiter%20\u00e0%20la%20fronti\u00e8re%20franco-suisse%20?%20Guide%20complet%202025%20des%20meilleures%20zones%20pour%20les%20frontaliers&#038;url=https:\/\/helpfrontaliers.ch\/en\/guides\/ou-habiter-a-la-frontiere-franco-suisse-guide-complet-2025-des-meilleures-zones-pour-les-frontaliers\/\" data-title=\"Twitter\" aria-label=\"Share on Twitter\"><span class=\"fa fa-twitter\"><\/span><\/a><\/li><li class=\"post_share-pinterest\"><a target=\"_blank\" href=\"https:\/\/pinterest.com\/pin\/create\/button\/?url=https:\/\/helpfrontaliers.ch\/en\/guides\/ou-habiter-a-la-frontiere-franco-suisse-guide-complet-2025-des-meilleures-zones-pour-les-frontaliers\/&#038;media=https:\/\/helpfrontaliers.ch\/wp-content\/uploads\/2025\/11\/B9734293568Z.1_20230517105341_000GTFMPJ5RA.1-0.jpg\" data-elementor-open-lightbox=\"no\" data-title=\"Pinterest\" aria-label=\"Share on Pinterest\"><span class=\"fa fa-pinterest\"><\/span><\/a><\/li><li class=\"post_share-linkedin\"><a target=\"_blank\" href=\"https:\/\/www.linkedin.com\/shareArticle?mini=true&#038;url=https:\/\/helpfrontaliers.ch\/en\/guides\/ou-habiter-a-la-frontiere-franco-suisse-guide-complet-2025-des-meilleures-zones-pour-les-frontaliers\/&#038;title=O\u00f9%20habiter%20\u00e0%20la%20fronti\u00e8re%20franco-suisse%20?%20Guide%20complet%202025%20des%20meilleures%20zones%20pour%20les%20frontaliers&#038;source=Help%20Frontaliers\" data-title=\"Linkedin\" aria-label=\"Share on Linkedin\"><span class=\"fa fa-linkedin\"><\/span><\/a><\/li><li class=\"post_share-mail\"><a target=\"_blank\" href=\"mailto:?subject=O%C3%B9+habiter+%C3%A0+la+fronti%C3%A8re+franco-suisse+%3F+Guide+complet+2025+des+meilleures+zones+pour+les+frontaliers&body=https:\/\/helpfrontaliers.ch\/en\/guides\/ou-habiter-a-la-frontiere-franco-suisse-guide-complet-2025-des-meilleures-zones-pour-les-frontaliers\/\" data-title=\"Email\" aria-label=\"Share on Email\"><span class=\"fa fa-envelope\"><\/span><\/a><\/li>\t\t\t\t\t<\/ul>\r\n\t\t\t\t<\/div>\r\n\t\t\t<\/div>\r\n\t\t\t<!-- \/\/post share block -->\r\n\t\t<\/div><\/div><div class=\"clear\"><\/div><\/div><\/div><\/div>\r\n\t\t\t\t\t<\/div>\r\n\t\t\t\t<\/div><div class=\"boxed_block_item\">\r\n\t\t\t\t\t<div class=\"item_wrapper gt3_center_mode without_post_meta\"><div class=\"blogboxed_img_block\" style=\"background-image: url(https:\/\/helpfrontaliers.ch\/wp-content\/uploads\/2025\/11\/iStock-1480537461-640x640.jpg);\"><\/div><div class=\"blogboxed_content without_bordered has_img_block\"><div class=\"gt3blogboxed_block_wrap\"><span class=\"post_category\"><a href=\"https:\/\/helpfrontaliers.ch\/en\/category\/guides\/\" rel=\"category tag\">Guides<\/a><\/span><h2 class=\"blog_post_title\"><a href=\"https:\/\/helpfrontaliers.ch\/en\/guides\/chomage-en-suisse-pdu1-recuperation-lpp-ce-quil-faut-savoir\/\">Ch\u00f4mage en Suisse, PDU1 &#038; r\u00e9cup\u00e9ration LPP : ce qu\u2019il faut savoir<\/a><\/h2><div class=\"blogboxed_info_box\"><div class=\"clear\"><\/div><div class=\"gt3_post_footer\"><div class=\"gt3_module_button_list\"><a href=\"https:\/\/helpfrontaliers.ch\/en\/guides\/chomage-en-suisse-pdu1-recuperation-lpp-ce-quil-faut-savoir\/\">J&#039;acc\u00e8de au guide<\/a><\/div><div class=\"blog_post_info\">\t\t\t<!-- post share block -->\r\n\t\t\t<div class=\"post_share_block\">\r\n\t\t\t\t<a href=\"#\"><span class=\"sharing_title\">Share<\/span><\/a>\r\n\t\t\t\t<div class=\"post_share_wrap\">\r\n\t\t\t\t\t<ul>\r\n\t\t\t\t\t\t<li class=\"post_share-facebook\"><a target=\"_blank\" href=\"https:\/\/www.facebook.com\/share.php?u=https:\/\/helpfrontaliers.ch\/en\/guides\/chomage-en-suisse-pdu1-recuperation-lpp-ce-quil-faut-savoir\/\" data-title=\"Facebook\" aria-label=\"Share on Facebook\"><span class=\"fa fa-facebook\"><\/span><\/a><\/li><li class=\"post_share-twitter\"><a target=\"_blank\" href=\"https:\/\/twitter.com\/intent\/tweet?text=Ch\u00f4mage%20en%20Suisse,%20PDU1%20&#038;%20r\u00e9cup\u00e9ration%20LPP%20:%20ce%20qu\u2019il%20faut%20savoir&#038;url=https:\/\/helpfrontaliers.ch\/en\/guides\/chomage-en-suisse-pdu1-recuperation-lpp-ce-quil-faut-savoir\/\" data-title=\"Twitter\" aria-label=\"Share on Twitter\"><span class=\"fa fa-twitter\"><\/span><\/a><\/li><li class=\"post_share-pinterest\"><a target=\"_blank\" href=\"https:\/\/pinterest.com\/pin\/create\/button\/?url=https:\/\/helpfrontaliers.ch\/en\/guides\/chomage-en-suisse-pdu1-recuperation-lpp-ce-quil-faut-savoir\/&#038;media=https:\/\/helpfrontaliers.ch\/wp-content\/uploads\/2025\/11\/iStock-1480537461.jpg\" data-elementor-open-lightbox=\"no\" data-title=\"Pinterest\" aria-label=\"Share on Pinterest\"><span class=\"fa fa-pinterest\"><\/span><\/a><\/li><li class=\"post_share-linkedin\"><a target=\"_blank\" href=\"https:\/\/www.linkedin.com\/shareArticle?mini=true&#038;url=https:\/\/helpfrontaliers.ch\/en\/guides\/chomage-en-suisse-pdu1-recuperation-lpp-ce-quil-faut-savoir\/&#038;title=Ch\u00f4mage%20en%20Suisse,%20PDU1%20&#038;%20r\u00e9cup\u00e9ration%20LPP%20:%20ce%20qu\u2019il%20faut%20savoir&#038;source=Help%20Frontaliers\" data-title=\"Linkedin\" aria-label=\"Share on Linkedin\"><span class=\"fa fa-linkedin\"><\/span><\/a><\/li><li class=\"post_share-mail\"><a target=\"_blank\" href=\"mailto:?subject=Ch%C3%B4mage+en+Suisse%2C+PDU1+%26%23038%3B+r%C3%A9cup%C3%A9ration+LPP+%3A+ce+qu%E2%80%99il+faut+savoir&body=https:\/\/helpfrontaliers.ch\/en\/guides\/chomage-en-suisse-pdu1-recuperation-lpp-ce-quil-faut-savoir\/\" data-title=\"Email\" aria-label=\"Share on Email\"><span class=\"fa fa-envelope\"><\/span><\/a><\/li>\t\t\t\t\t<\/ul>\r\n\t\t\t\t<\/div>\r\n\t\t\t<\/div>\r\n\t\t\t<!-- \/\/post share block -->\r\n\t\t<\/div><\/div><div class=\"clear\"><\/div><\/div><\/div><\/div>\r\n\t\t\t\t\t<\/div>\r\n\t\t\t\t<\/div><div class=\"boxed_block_item\">\r\n\t\t\t\t\t<div class=\"item_wrapper gt3_center_mode without_post_meta\"><div class=\"blogboxed_img_block\" style=\"background-image: url(https:\/\/helpfrontaliers.ch\/wp-content\/uploads\/2025\/11\/Design-sans-titre-3-640x640.png);\"><\/div><div class=\"blogboxed_content without_bordered has_img_block\"><div class=\"gt3blogboxed_block_wrap\"><span class=\"post_category\"><a href=\"https:\/\/helpfrontaliers.ch\/en\/category\/guides\/\" rel=\"category tag\">Guides<\/a><\/span><h2 class=\"blog_post_title\"><a href=\"https:\/\/helpfrontaliers.ch\/en\/guides\/complementaire-sante-pour-frontaliers-guide-complet\/\">Compl\u00e9mentaire sant\u00e9 pour les frontaliers<\/a><\/h2><div class=\"blogboxed_info_box\"><div class=\"clear\"><\/div><div class=\"gt3_post_footer\"><div class=\"gt3_module_button_list\"><a href=\"https:\/\/helpfrontaliers.ch\/en\/guides\/complementaire-sante-pour-frontaliers-guide-complet\/\">J&#039;acc\u00e8de au guide<\/a><\/div><div class=\"blog_post_info\">\t\t\t<!-- post share block -->\r\n\t\t\t<div class=\"post_share_block\">\r\n\t\t\t\t<a href=\"#\"><span class=\"sharing_title\">Share<\/span><\/a>\r\n\t\t\t\t<div class=\"post_share_wrap\">\r\n\t\t\t\t\t<ul>\r\n\t\t\t\t\t\t<li class=\"post_share-facebook\"><a target=\"_blank\" href=\"https:\/\/www.facebook.com\/share.php?u=https:\/\/helpfrontaliers.ch\/en\/guides\/complementaire-sante-pour-frontaliers-guide-complet\/\" data-title=\"Facebook\" aria-label=\"Share on Facebook\"><span class=\"fa fa-facebook\"><\/span><\/a><\/li><li class=\"post_share-twitter\"><a target=\"_blank\" href=\"https:\/\/twitter.com\/intent\/tweet?text=Compl\u00e9mentaire%20sant\u00e9%20pour%20les%20frontaliers&#038;url=https:\/\/helpfrontaliers.ch\/en\/guides\/complementaire-sante-pour-frontaliers-guide-complet\/\" data-title=\"Twitter\" aria-label=\"Share on Twitter\"><span class=\"fa fa-twitter\"><\/span><\/a><\/li><li class=\"post_share-pinterest\"><a target=\"_blank\" href=\"https:\/\/pinterest.com\/pin\/create\/button\/?url=https:\/\/helpfrontaliers.ch\/en\/guides\/complementaire-sante-pour-frontaliers-guide-complet\/&#038;media=https:\/\/helpfrontaliers.ch\/wp-content\/uploads\/2025\/11\/Design-sans-titre-3.png\" data-elementor-open-lightbox=\"no\" data-title=\"Pinterest\" aria-label=\"Share on Pinterest\"><span class=\"fa fa-pinterest\"><\/span><\/a><\/li><li class=\"post_share-linkedin\"><a target=\"_blank\" href=\"https:\/\/www.linkedin.com\/shareArticle?mini=true&#038;url=https:\/\/helpfrontaliers.ch\/en\/guides\/complementaire-sante-pour-frontaliers-guide-complet\/&#038;title=Compl\u00e9mentaire%20sant\u00e9%20pour%20les%20frontaliers&#038;source=Help%20Frontaliers\" data-title=\"Linkedin\" aria-label=\"Share on Linkedin\"><span class=\"fa fa-linkedin\"><\/span><\/a><\/li><li class=\"post_share-mail\"><a target=\"_blank\" href=\"mailto:?subject=Compl%C3%A9mentaire+sant%C3%A9+pour+les+frontaliers&body=https:\/\/helpfrontaliers.ch\/en\/guides\/complementaire-sante-pour-frontaliers-guide-complet\/\" data-title=\"Email\" aria-label=\"Share on Email\"><span class=\"fa fa-envelope\"><\/span><\/a><\/li>\t\t\t\t\t<\/ul>\r\n\t\t\t\t<\/div>\r\n\t\t\t<\/div>\r\n\t\t\t<!-- \/\/post share block -->\r\n\t\t<\/div><\/div><div class=\"clear\"><\/div><\/div><\/div><\/div>\r\n\t\t\t\t\t<\/div>\r\n\t\t\t\t<\/div><div class=\"boxed_block_item\">\r\n\t\t\t\t\t<div class=\"item_wrapper gt3_center_mode without_post_meta\"><div class=\"blogboxed_img_block\" style=\"background-image: url(https:\/\/helpfrontaliers.ch\/wp-content\/uploads\/2025\/11\/BLVK_Dreisaeulenkonzept_rgb_fr-640x640.png);\"><\/div><div class=\"blogboxed_content without_bordered has_img_block\"><div class=\"gt3blogboxed_block_wrap\"><span class=\"post_category\"><a href=\"https:\/\/helpfrontaliers.ch\/en\/category\/guides\/\" rel=\"category tag\">Guides<\/a><\/span><h2 class=\"blog_post_title\"><a href=\"https:\/\/helpfrontaliers.ch\/en\/guides\/les-trois-piliers-du-systeme-de-retraite-en-suisse-guide-complet-pour-frontaliers-et-residents\/\">Les Trois Piliers du syst\u00e8me de retraite en Suisse<\/a><\/h2><div class=\"blogboxed_info_box\"><div class=\"clear\"><\/div><div class=\"gt3_post_footer\"><div class=\"gt3_module_button_list\"><a href=\"https:\/\/helpfrontaliers.ch\/en\/guides\/les-trois-piliers-du-systeme-de-retraite-en-suisse-guide-complet-pour-frontaliers-et-residents\/\">J&#039;acc\u00e8de au guide<\/a><\/div><div class=\"blog_post_info\">\t\t\t<!-- post share block -->\r\n\t\t\t<div class=\"post_share_block\">\r\n\t\t\t\t<a href=\"#\"><span class=\"sharing_title\">Share<\/span><\/a>\r\n\t\t\t\t<div class=\"post_share_wrap\">\r\n\t\t\t\t\t<ul>\r\n\t\t\t\t\t\t<li class=\"post_share-facebook\"><a target=\"_blank\" href=\"https:\/\/www.facebook.com\/share.php?u=https:\/\/helpfrontaliers.ch\/en\/guides\/les-trois-piliers-du-systeme-de-retraite-en-suisse-guide-complet-pour-frontaliers-et-residents\/\" data-title=\"Facebook\" aria-label=\"Share on Facebook\"><span class=\"fa fa-facebook\"><\/span><\/a><\/li><li class=\"post_share-twitter\"><a target=\"_blank\" href=\"https:\/\/twitter.com\/intent\/tweet?text=Les%20Trois%20Piliers%20du%20syst\u00e8me%20de%20retraite%20en%20Suisse&#038;url=https:\/\/helpfrontaliers.ch\/en\/guides\/les-trois-piliers-du-systeme-de-retraite-en-suisse-guide-complet-pour-frontaliers-et-residents\/\" data-title=\"Twitter\" aria-label=\"Share on Twitter\"><span class=\"fa fa-twitter\"><\/span><\/a><\/li><li class=\"post_share-pinterest\"><a target=\"_blank\" href=\"https:\/\/pinterest.com\/pin\/create\/button\/?url=https:\/\/helpfrontaliers.ch\/en\/guides\/les-trois-piliers-du-systeme-de-retraite-en-suisse-guide-complet-pour-frontaliers-et-residents\/&#038;media=https:\/\/helpfrontaliers.ch\/wp-content\/uploads\/2025\/11\/BLVK_Dreisaeulenkonzept_rgb_fr.png\" data-elementor-open-lightbox=\"no\" data-title=\"Pinterest\" aria-label=\"Share on Pinterest\"><span class=\"fa fa-pinterest\"><\/span><\/a><\/li><li class=\"post_share-linkedin\"><a target=\"_blank\" href=\"https:\/\/www.linkedin.com\/shareArticle?mini=true&#038;url=https:\/\/helpfrontaliers.ch\/en\/guides\/les-trois-piliers-du-systeme-de-retraite-en-suisse-guide-complet-pour-frontaliers-et-residents\/&#038;title=Les%20Trois%20Piliers%20du%20syst\u00e8me%20de%20retraite%20en%20Suisse&#038;source=Help%20Frontaliers\" data-title=\"Linkedin\" aria-label=\"Share on Linkedin\"><span class=\"fa fa-linkedin\"><\/span><\/a><\/li><li class=\"post_share-mail\"><a target=\"_blank\" href=\"mailto:?subject=Les+Trois+Piliers+du+syst%C3%A8me+de+retraite+en+Suisse&body=https:\/\/helpfrontaliers.ch\/en\/guides\/les-trois-piliers-du-systeme-de-retraite-en-suisse-guide-complet-pour-frontaliers-et-residents\/\" data-title=\"Email\" aria-label=\"Share on Email\"><span class=\"fa fa-envelope\"><\/span><\/a><\/li>\t\t\t\t\t<\/ul>\r\n\t\t\t\t<\/div>\r\n\t\t\t<\/div>\r\n\t\t\t<!-- \/\/post share block -->\r\n\t\t<\/div><\/div><div class=\"clear\"><\/div><\/div><\/div><\/div>\r\n\t\t\t\t\t<\/div>\r\n\t\t\t\t<\/div><div class=\"boxed_block_item\">\r\n\t\t\t\t\t<div class=\"item_wrapper gt3_center_mode without_post_meta\"><div class=\"blogboxed_img_block\" style=\"background-image: url(https:\/\/helpfrontaliers.ch\/wp-content\/uploads\/2025\/11\/Design-sans-titre-2-640x640.png);\"><\/div><div class=\"blogboxed_content without_bordered has_img_block\"><div class=\"gt3blogboxed_block_wrap\"><span class=\"post_category\"><a href=\"https:\/\/helpfrontaliers.ch\/en\/category\/guides\/\" rel=\"category tag\">Guides<\/a><\/span><h2 class=\"blog_post_title\"><a href=\"https:\/\/helpfrontaliers.ch\/en\/guides\/telephonie-pour-les-frontaliers-comment-bien-choisir-son-forfait-et-eviter-les-surcouts\/\">Comment bien choisir son forfait t\u00e9l\u00e9phonique frontalier et \u00e9viter les surco\u00fbts ?<\/a><\/h2><div class=\"blogboxed_info_box\"><div class=\"clear\"><\/div><div class=\"gt3_post_footer\"><div class=\"gt3_module_button_list\"><a href=\"https:\/\/helpfrontaliers.ch\/en\/guides\/telephonie-pour-les-frontaliers-comment-bien-choisir-son-forfait-et-eviter-les-surcouts\/\">J&#039;acc\u00e8de au guide<\/a><\/div><div class=\"blog_post_info\">\t\t\t<!-- post share block -->\r\n\t\t\t<div class=\"post_share_block\">\r\n\t\t\t\t<a href=\"#\"><span class=\"sharing_title\">Share<\/span><\/a>\r\n\t\t\t\t<div class=\"post_share_wrap\">\r\n\t\t\t\t\t<ul>\r\n\t\t\t\t\t\t<li class=\"post_share-facebook\"><a target=\"_blank\" href=\"https:\/\/www.facebook.com\/share.php?u=https:\/\/helpfrontaliers.ch\/en\/guides\/telephonie-pour-les-frontaliers-comment-bien-choisir-son-forfait-et-eviter-les-surcouts\/\" data-title=\"Facebook\" aria-label=\"Share on Facebook\"><span class=\"fa fa-facebook\"><\/span><\/a><\/li><li class=\"post_share-twitter\"><a target=\"_blank\" href=\"https:\/\/twitter.com\/intent\/tweet?text=Comment%20bien%20choisir%20son%20forfait%20t\u00e9l\u00e9phonique%20frontalier%20et%20\u00e9viter%20les%20surco\u00fbts%20?&#038;url=https:\/\/helpfrontaliers.ch\/en\/guides\/telephonie-pour-les-frontaliers-comment-bien-choisir-son-forfait-et-eviter-les-surcouts\/\" data-title=\"Twitter\" aria-label=\"Share on Twitter\"><span class=\"fa fa-twitter\"><\/span><\/a><\/li><li class=\"post_share-pinterest\"><a target=\"_blank\" href=\"https:\/\/pinterest.com\/pin\/create\/button\/?url=https:\/\/helpfrontaliers.ch\/en\/guides\/telephonie-pour-les-frontaliers-comment-bien-choisir-son-forfait-et-eviter-les-surcouts\/&#038;media=https:\/\/helpfrontaliers.ch\/wp-content\/uploads\/2025\/11\/Design-sans-titre-2.png\" data-elementor-open-lightbox=\"no\" data-title=\"Pinterest\" aria-label=\"Share on Pinterest\"><span class=\"fa fa-pinterest\"><\/span><\/a><\/li><li class=\"post_share-linkedin\"><a target=\"_blank\" href=\"https:\/\/www.linkedin.com\/shareArticle?mini=true&#038;url=https:\/\/helpfrontaliers.ch\/en\/guides\/telephonie-pour-les-frontaliers-comment-bien-choisir-son-forfait-et-eviter-les-surcouts\/&#038;title=Comment%20bien%20choisir%20son%20forfait%20t\u00e9l\u00e9phonique%20frontalier%20et%20\u00e9viter%20les%20surco\u00fbts%20?&#038;source=Help%20Frontaliers\" data-title=\"Linkedin\" aria-label=\"Share on Linkedin\"><span class=\"fa fa-linkedin\"><\/span><\/a><\/li><li class=\"post_share-mail\"><a target=\"_blank\" href=\"mailto:?subject=Comment+bien+choisir+son+forfait+t%C3%A9l%C3%A9phonique+frontalier+et+%C3%A9viter+les+surco%C3%BBts+%3F&body=https:\/\/helpfrontaliers.ch\/en\/guides\/telephonie-pour-les-frontaliers-comment-bien-choisir-son-forfait-et-eviter-les-surcouts\/\" data-title=\"Email\" aria-label=\"Share on Email\"><span class=\"fa fa-envelope\"><\/span><\/a><\/li>\t\t\t\t\t<\/ul>\r\n\t\t\t\t<\/div>\r\n\t\t\t<\/div>\r\n\t\t\t<!-- \/\/post share block -->\r\n\t\t<\/div><\/div><div class=\"clear\"><\/div><\/div><\/div><\/div>\r\n\t\t\t\t\t<\/div>\r\n\t\t\t\t<\/div><div class=\"boxed_block_item\">\r\n\t\t\t\t\t<div class=\"item_wrapper gt3_center_mode without_post_meta\"><div class=\"blogboxed_img_block\" style=\"background-image: url(https:\/\/helpfrontaliers.ch\/wp-content\/uploads\/2025\/09\/Design-sans-titre-1-640x640.png);\"><\/div><div class=\"blogboxed_content without_bordered has_img_block\"><div class=\"gt3blogboxed_block_wrap\"><span class=\"post_category\"><a href=\"https:\/\/helpfrontaliers.ch\/en\/category\/guides\/\" rel=\"category tag\">Guides<\/a><\/span><h2 class=\"blog_post_title\"><a href=\"https:\/\/helpfrontaliers.ch\/en\/guides\/faut-il-ouvrir-un-compte-bancaire-en-suisse-alternatives-et-avantages-avec-ibani\/\">Faut-il ouvrir un compte bancaire en Suisse ? Alternatives et avantages avec ibani<\/a><\/h2><div class=\"blogboxed_info_box\"><div class=\"clear\"><\/div><div class=\"gt3_post_footer\"><div class=\"gt3_module_button_list\"><a href=\"https:\/\/helpfrontaliers.ch\/en\/guides\/faut-il-ouvrir-un-compte-bancaire-en-suisse-alternatives-et-avantages-avec-ibani\/\">J&#039;acc\u00e8de au guide<\/a><\/div><div class=\"blog_post_info\">\t\t\t<!-- post share block -->\r\n\t\t\t<div class=\"post_share_block\">\r\n\t\t\t\t<a href=\"#\"><span class=\"sharing_title\">Share<\/span><\/a>\r\n\t\t\t\t<div class=\"post_share_wrap\">\r\n\t\t\t\t\t<ul>\r\n\t\t\t\t\t\t<li class=\"post_share-facebook\"><a target=\"_blank\" href=\"https:\/\/www.facebook.com\/share.php?u=https:\/\/helpfrontaliers.ch\/en\/guides\/faut-il-ouvrir-un-compte-bancaire-en-suisse-alternatives-et-avantages-avec-ibani\/\" data-title=\"Facebook\" aria-label=\"Share on Facebook\"><span class=\"fa fa-facebook\"><\/span><\/a><\/li><li class=\"post_share-twitter\"><a target=\"_blank\" href=\"https:\/\/twitter.com\/intent\/tweet?text=Faut-il%20ouvrir%20un%20compte%20bancaire%20en%20Suisse%20?%20Alternatives%20et%20avantages%20avec%20ibani&#038;url=https:\/\/helpfrontaliers.ch\/en\/guides\/faut-il-ouvrir-un-compte-bancaire-en-suisse-alternatives-et-avantages-avec-ibani\/\" data-title=\"Twitter\" aria-label=\"Share on Twitter\"><span class=\"fa fa-twitter\"><\/span><\/a><\/li><li class=\"post_share-pinterest\"><a target=\"_blank\" href=\"https:\/\/pinterest.com\/pin\/create\/button\/?url=https:\/\/helpfrontaliers.ch\/en\/guides\/faut-il-ouvrir-un-compte-bancaire-en-suisse-alternatives-et-avantages-avec-ibani\/&#038;media=https:\/\/helpfrontaliers.ch\/wp-content\/uploads\/2025\/09\/Design-sans-titre-1.png\" data-elementor-open-lightbox=\"no\" data-title=\"Pinterest\" aria-label=\"Share on Pinterest\"><span class=\"fa fa-pinterest\"><\/span><\/a><\/li><li class=\"post_share-linkedin\"><a target=\"_blank\" href=\"https:\/\/www.linkedin.com\/shareArticle?mini=true&#038;url=https:\/\/helpfrontaliers.ch\/en\/guides\/faut-il-ouvrir-un-compte-bancaire-en-suisse-alternatives-et-avantages-avec-ibani\/&#038;title=Faut-il%20ouvrir%20un%20compte%20bancaire%20en%20Suisse%20?%20Alternatives%20et%20avantages%20avec%20ibani&#038;source=Help%20Frontaliers\" data-title=\"Linkedin\" aria-label=\"Share on Linkedin\"><span class=\"fa fa-linkedin\"><\/span><\/a><\/li><li class=\"post_share-mail\"><a target=\"_blank\" href=\"mailto:?subject=Faut-il+ouvrir+un+compte+bancaire+en+Suisse+%3F+Alternatives+et+avantages+avec+ibani&body=https:\/\/helpfrontaliers.ch\/en\/guides\/faut-il-ouvrir-un-compte-bancaire-en-suisse-alternatives-et-avantages-avec-ibani\/\" data-title=\"Email\" aria-label=\"Share on Email\"><span class=\"fa fa-envelope\"><\/span><\/a><\/li>\t\t\t\t\t<\/ul>\r\n\t\t\t\t<\/div>\r\n\t\t\t<\/div>\r\n\t\t\t<!-- \/\/post share block -->\r\n\t\t<\/div><\/div><div class=\"clear\"><\/div><\/div><\/div><\/div>\r\n\t\t\t\t\t<\/div>\r\n\t\t\t\t<\/div><div class=\"boxed_block_item\">\r\n\t\t\t\t\t<div class=\"item_wrapper gt3_center_mode without_post_meta\"><div class=\"blogboxed_img_block\" style=\"background-image: url(https:\/\/helpfrontaliers.ch\/wp-content\/uploads\/2025\/09\/9cd5cf69-05aa-4855-981e-13455023f1f7-640x640.jpg);\"><\/div><div class=\"blogboxed_content without_bordered has_img_block\"><div class=\"gt3blogboxed_block_wrap\"><span class=\"post_category\"><a href=\"https:\/\/helpfrontaliers.ch\/en\/category\/guides\/\" rel=\"category tag\">Guides<\/a><\/span><h2 class=\"blog_post_title\"><a href=\"https:\/\/helpfrontaliers.ch\/en\/guides\/guide-complet-du-frontalier-france-suisse-demarches-administratives-essentielles\/\">Les d\u00e9marches administratives essentielles pour les nouveaux frontaliers<\/a><\/h2><div class=\"blogboxed_info_box\"><div class=\"clear\"><\/div><div class=\"gt3_post_footer\"><div class=\"gt3_module_button_list\"><a href=\"https:\/\/helpfrontaliers.ch\/en\/guides\/guide-complet-du-frontalier-france-suisse-demarches-administratives-essentielles\/\">J&#039;acc\u00e8de au guide<\/a><\/div><div class=\"blog_post_info\">\t\t\t<!-- post share block -->\r\n\t\t\t<div class=\"post_share_block\">\r\n\t\t\t\t<a href=\"#\"><span class=\"sharing_title\">Share<\/span><\/a>\r\n\t\t\t\t<div class=\"post_share_wrap\">\r\n\t\t\t\t\t<ul>\r\n\t\t\t\t\t\t<li class=\"post_share-facebook\"><a target=\"_blank\" href=\"https:\/\/www.facebook.com\/share.php?u=https:\/\/helpfrontaliers.ch\/en\/guides\/guide-complet-du-frontalier-france-suisse-demarches-administratives-essentielles\/\" data-title=\"Facebook\" aria-label=\"Share on Facebook\"><span class=\"fa fa-facebook\"><\/span><\/a><\/li><li class=\"post_share-twitter\"><a target=\"_blank\" href=\"https:\/\/twitter.com\/intent\/tweet?text=Les%20d\u00e9marches%20administratives%20essentielles%20pour%20les%20nouveaux%20frontaliers&#038;url=https:\/\/helpfrontaliers.ch\/en\/guides\/guide-complet-du-frontalier-france-suisse-demarches-administratives-essentielles\/\" data-title=\"Twitter\" aria-label=\"Share on Twitter\"><span class=\"fa fa-twitter\"><\/span><\/a><\/li><li class=\"post_share-pinterest\"><a target=\"_blank\" href=\"https:\/\/pinterest.com\/pin\/create\/button\/?url=https:\/\/helpfrontaliers.ch\/en\/guides\/guide-complet-du-frontalier-france-suisse-demarches-administratives-essentielles\/&#038;media=https:\/\/helpfrontaliers.ch\/wp-content\/uploads\/2025\/09\/9cd5cf69-05aa-4855-981e-13455023f1f7.jpg\" data-elementor-open-lightbox=\"no\" data-title=\"Pinterest\" aria-label=\"Share on Pinterest\"><span class=\"fa fa-pinterest\"><\/span><\/a><\/li><li class=\"post_share-linkedin\"><a target=\"_blank\" href=\"https:\/\/www.linkedin.com\/shareArticle?mini=true&#038;url=https:\/\/helpfrontaliers.ch\/en\/guides\/guide-complet-du-frontalier-france-suisse-demarches-administratives-essentielles\/&#038;title=Les%20d\u00e9marches%20administratives%20essentielles%20pour%20les%20nouveaux%20frontaliers&#038;source=Help%20Frontaliers\" data-title=\"Linkedin\" aria-label=\"Share on Linkedin\"><span class=\"fa fa-linkedin\"><\/span><\/a><\/li><li class=\"post_share-mail\"><a target=\"_blank\" href=\"mailto:?subject=Les+d%C3%A9marches+administratives+essentielles+pour+les+nouveaux+frontaliers&body=https:\/\/helpfrontaliers.ch\/en\/guides\/guide-complet-du-frontalier-france-suisse-demarches-administratives-essentielles\/\" data-title=\"Email\" aria-label=\"Share on Email\"><span class=\"fa fa-envelope\"><\/span><\/a><\/li>\t\t\t\t\t<\/ul>\r\n\t\t\t\t<\/div>\r\n\t\t\t<\/div>\r\n\t\t\t<!-- \/\/post share block -->\r\n\t\t<\/div><\/div><div class=\"clear\"><\/div><\/div><\/div><\/div>\r\n\t\t\t\t\t<\/div>\r\n\t\t\t\t<\/div><\/div>\t<\/div>\r\n\t\t\t\t<\/div>\n\t\t\t\t<\/div>\n\t\t\t\t<\/div>\n\t\t<div class=\"elementor-element elementor-element-6d52f5e e-flex e-con-boxed e-con e-parent\" data-id=\"6d52f5e\" data-element_type=\"container\" data-e-type=\"container\">\n\t\t\t\t\t<div class=\"e-con-inner\">\n\t\t\t\t<div class=\"elementor-element elementor-element-7943a78 elementor-widget elementor-widget-spacer\" data-id=\"7943a78\" data-element_type=\"widget\" data-e-type=\"widget\" data-widget_type=\"spacer.default\">\n\t\t\t\t<div class=\"elementor-widget-container\">\n\t\t\t\t\t\t\t<div class=\"elementor-spacer\">\n\t\t\t<div class=\"elementor-spacer-inner\"><\/div>\n\t\t<\/div>\n\t\t\t\t\t\t<\/div>\n\t\t\t\t<\/div>\n\t\t\t\t<div class=\"elementor-element elementor-element-91a6870 elementor-widget elementor-widget-shortcode\" data-id=\"91a6870\" data-element_type=\"widget\" data-e-type=\"widget\" data-widget_type=\"shortcode.default\">\n\t\t\t\t<div class=\"elementor-widget-container\">\n\t\t\t\t\t\t\t<div class=\"elementor-shortcode\"><pre class=\"ti-widget\"><template id=\"trustindex-google-widget-html\"><div class=\"ti-widget  ti-goog ti-disable-font ti-show-rating-text ti-review-text-mode-readmore ti-text-align-center\" data-no-translation=\"true\" data-time-locale=\"il y a %d %s|aujourd'hui|jour|jours|semaine|semaines|mois|mois|ann\u00e9e|ans\" data-plugin-version=\"13.2.9\" data-layout-id=\"5\" data-layout-category=\"slider\" data-set-id=\"ligth-border\" data-pid=\"\" data-language=\"fr\" data-close-locale=\"Fermer\" data-review-target-width=\"275\" data-css-version=\"2\" data-reply-by-locale=\"R\u00e9ponse du propri\u00e9taire\" data-only-rating-locale=\"Cet utilisateur a uniquement laiss\u00e9 une \u00e9valuation.\" data-pager-autoplay-timeout=\"6\"> <div class=\"ti-widget-container ti-col-4\"> <div class=\"ti-footer ti-footer-grid source-Google\"> <div class=\"ti-fade-container\"> <div class=\"ti-rating-text\"> <strong class=\"ti-rating ti-rating-large\"> EXCELLENT <\/strong> <\/div> <span class=\"ti-stars star-lg\"><trustindex-image class=\"ti-star\" data-imgurl=\"https:\/\/cdn.trustindex.io\/assets\/platform\/Google\/star\/f.svg\" alt=\"Google star 1\" width=\"17\" height=\"17\" loading=\"lazy\"><\/trustindex-image><trustindex-image class=\"ti-star\" data-imgurl=\"https:\/\/cdn.trustindex.io\/assets\/platform\/Google\/star\/f.svg\" alt=\"Google star 2\" width=\"17\" height=\"17\" loading=\"lazy\"><\/trustindex-image><trustindex-image class=\"ti-star\" data-imgurl=\"https:\/\/cdn.trustindex.io\/assets\/platform\/Google\/star\/f.svg\" alt=\"Google star 3\" width=\"17\" height=\"17\" loading=\"lazy\"><\/trustindex-image><trustindex-image class=\"ti-star\" data-imgurl=\"https:\/\/cdn.trustindex.io\/assets\/platform\/Google\/star\/f.svg\" alt=\"Google star 4\" width=\"17\" height=\"17\" loading=\"lazy\"><\/trustindex-image><trustindex-image class=\"ti-star\" data-imgurl=\"https:\/\/cdn.trustindex.io\/assets\/platform\/Google\/star\/f.svg\" alt=\"Google star 5\" width=\"17\" height=\"17\" loading=\"lazy\"><\/trustindex-image><\/span> <div class=\"ti-rating-text\"> <span class=\"nowrap\">Bas\u00e9e sur <strong>18 avis<\/strong><\/span> <\/div> <div class=\"ti-large-logo\"> <div class=\"ti-v-center\"> <trustindex-image class=\"ti-logo-fb\" data-imgurl=\"https:\/\/cdn.trustindex.io\/assets\/platform\/Google\/logo.svg\" width=\"150\" height=\"25\" loading=\"lazy\" alt=\"Google\"><\/trustindex-image> <\/div> <\/div> <\/div> <\/div> <div class=\"ti-reviews-container\"> <div class=\"ti-controls\"> <div class=\"ti-next\" aria-label=\"Avis suivante\" role=\"button\" tabindex=\"0\"><\/div> <div class=\"ti-prev\" aria-label=\"Avis pr\u00e9c\u00e9dent\" role=\"button\" tabindex=\"0\"><\/div> <\/div> <div class=\"ti-reviews-container-wrapper\">  <div data-empty=\"0\" data-time=\"1771459200\" class=\"ti-review-item source-Google ti-image-layout-thumbnail\" data-id=\"cfcd208495d565ef66e7dff9f98764da\"> <div class=\"ti-inner\"> <div class=\"ti-review-header\"> <div class=\"ti-platform-icon ti-with-tooltip\"> <span class=\"ti-tooltip\">Publi\u00e9 sur <\/span> <trustindex-image data-imgurl=\"https:\/\/cdn.trustindex.io\/assets\/platform\/Google\/icon.svg\" alt=\"\" width=\"20\" height=\"20\" loading=\"lazy\"><\/trustindex-image> <\/div> <div class=\"ti-profile-img\"> <trustindex-image data-imgurl=\"https:\/\/lh3.googleusercontent.com\/a\/ACg8ocL5Rdcztl3EhMoFAzxow7d1xStkmOW7OlJkueEsL43rkF9ObQ=w40-h40-c-rp-mo-br100\" alt=\"Marion LE BORNEC profile picture\" loading=\"lazy\"><\/trustindex-image> <\/div> <div class=\"ti-profile-details\"> <div class=\"ti-name\"> Marion LE BORNEC <\/div> <div class=\"ti-date\"><\/div> <\/div> <\/div> <span class=\"ti-stars\"><trustindex-image class=\"ti-star\" data-imgurl=\"https:\/\/cdn.trustindex.io\/assets\/platform\/Google\/star\/f.svg\" alt=\"Google star 1\" width=\"17\" height=\"17\" loading=\"lazy\"><\/trustindex-image><trustindex-image class=\"ti-star\" data-imgurl=\"https:\/\/cdn.trustindex.io\/assets\/platform\/Google\/star\/f.svg\" alt=\"Google star 2\" width=\"17\" height=\"17\" loading=\"lazy\"><\/trustindex-image><trustindex-image class=\"ti-star\" data-imgurl=\"https:\/\/cdn.trustindex.io\/assets\/platform\/Google\/star\/f.svg\" alt=\"Google star 3\" width=\"17\" height=\"17\" loading=\"lazy\"><\/trustindex-image><trustindex-image class=\"ti-star\" data-imgurl=\"https:\/\/cdn.trustindex.io\/assets\/platform\/Google\/star\/f.svg\" alt=\"Google star 4\" width=\"17\" height=\"17\" loading=\"lazy\"><\/trustindex-image><trustindex-image class=\"ti-star\" data-imgurl=\"https:\/\/cdn.trustindex.io\/assets\/platform\/Google\/star\/f.svg\" alt=\"Google star 5\" width=\"17\" height=\"17\" loading=\"lazy\"><\/trustindex-image><span class=\"ti-verified-review ti-verified-platform\"><span class=\"ti-verified-tooltip\">Trustindex v\u00e9rifie que la source originale de l'avis est Google.<\/span><\/span><\/span> <div class=\"ti-review-text-container ti-review-content\"><!-- R-CONTENT -->Super plateforme d\u2019entraide, tr\u00e8s compl\u00e8te et dynamique ! On y trouve la republication des offres d\u2019emploi du secteur, des infos l\u00e9gales claires et utiles, ainsi qu\u2019un vrai esprit d\u2019accompagnement entre les membres. L\u2019entraide est r\u00e9elle et bienveillante, chacun peut partager, conseiller et soutenir les autres dans leurs d\u00e9marches. Mention sp\u00e9ciale aussi pour les ap\u00e9ros frontaliers qui permettent de cr\u00e9er du lien et d\u2019\u00e9changer en toute convivialit\u00e9. Je recommande vivement !<!-- R-CONTENT --><\/div> <span class=\"ti-read-more\" data-container=\".ti-review-content\" data-collapse-text=\"Cacher\" data-open-text=\"Lire la suite\"><\/span> <\/div> <\/div>  <div data-empty=\"0\" data-time=\"1771372800\" class=\"ti-review-item source-Google ti-image-layout-thumbnail\" data-id=\"cfcd208495d565ef66e7dff9f98764da\"> <div class=\"ti-inner\"> <div class=\"ti-review-header\"> <div class=\"ti-platform-icon ti-with-tooltip\"> <span class=\"ti-tooltip\">Publi\u00e9 sur <\/span> <trustindex-image data-imgurl=\"https:\/\/cdn.trustindex.io\/assets\/platform\/Google\/icon.svg\" alt=\"\" width=\"20\" height=\"20\" loading=\"lazy\"><\/trustindex-image> <\/div> <div class=\"ti-profile-img\"> <trustindex-image data-imgurl=\"https:\/\/lh3.googleusercontent.com\/a\/ACg8ocLAxbScfiu3Snf0BpvUegPGTpo9H-ubZLqFJXbJGRDs1fnq_A=w40-h40-c-rp-mo-br100\" alt=\"Katia Samaali profile picture\" loading=\"lazy\"><\/trustindex-image> <\/div> <div class=\"ti-profile-details\"> <div class=\"ti-name\"> Katia Samaali <\/div> <div class=\"ti-date\"><\/div> <\/div> <\/div> <span class=\"ti-stars\"><trustindex-image class=\"ti-star\" data-imgurl=\"https:\/\/cdn.trustindex.io\/assets\/platform\/Google\/star\/f.svg\" alt=\"Google star 1\" width=\"17\" height=\"17\" loading=\"lazy\"><\/trustindex-image><trustindex-image class=\"ti-star\" data-imgurl=\"https:\/\/cdn.trustindex.io\/assets\/platform\/Google\/star\/f.svg\" alt=\"Google star 2\" width=\"17\" height=\"17\" loading=\"lazy\"><\/trustindex-image><trustindex-image class=\"ti-star\" data-imgurl=\"https:\/\/cdn.trustindex.io\/assets\/platform\/Google\/star\/f.svg\" alt=\"Google star 3\" width=\"17\" height=\"17\" loading=\"lazy\"><\/trustindex-image><trustindex-image class=\"ti-star\" data-imgurl=\"https:\/\/cdn.trustindex.io\/assets\/platform\/Google\/star\/f.svg\" alt=\"Google star 4\" width=\"17\" height=\"17\" loading=\"lazy\"><\/trustindex-image><trustindex-image class=\"ti-star\" data-imgurl=\"https:\/\/cdn.trustindex.io\/assets\/platform\/Google\/star\/f.svg\" alt=\"Google star 5\" width=\"17\" height=\"17\" loading=\"lazy\"><\/trustindex-image><span class=\"ti-verified-review ti-verified-platform\"><span class=\"ti-verified-tooltip\">Trustindex v\u00e9rifie que la source originale de l'avis est Google.<\/span><\/span><\/span> <div class=\"ti-review-text-container ti-review-content\"><!-- R-CONTENT -->Help Frontalier est une v\u00e9ritable r\u00e9f\u00e9rence pour les frontaliers. Les informations sont claires et fiables, et les r\u00e9ponses sont apport\u00e9es rapidement, ce qui est extr\u00eamement rassurant. On ressent une belle dynamique et surtout un v\u00e9ritable esprit collaboratif au sein de la communaut\u00e9. Petit clin d\u2019\u0153il \u00e0 l\u2019administrateur, toujours r\u00e9actif et vraiment au top \ud83d\udc4f Un accompagnement humain et professionnel que je recommande sans h\u00e9siter.<!-- R-CONTENT --><\/div> <span class=\"ti-read-more\" data-container=\".ti-review-content\" data-collapse-text=\"Cacher\" data-open-text=\"Lire la suite\"><\/span> <\/div> <\/div>  <div data-empty=\"0\" data-time=\"1771372800\" class=\"ti-review-item source-Google ti-image-layout-thumbnail\" data-id=\"cfcd208495d565ef66e7dff9f98764da\"> <div class=\"ti-inner\"> <div class=\"ti-review-header\"> <div class=\"ti-platform-icon ti-with-tooltip\"> <span class=\"ti-tooltip\">Publi\u00e9 sur <\/span> <trustindex-image data-imgurl=\"https:\/\/cdn.trustindex.io\/assets\/platform\/Google\/icon.svg\" alt=\"\" width=\"20\" height=\"20\" loading=\"lazy\"><\/trustindex-image> <\/div> <div class=\"ti-profile-img\"> <trustindex-image data-imgurl=\"https:\/\/lh3.googleusercontent.com\/a\/ACg8ocIMDsblJVAYOF_Zh7KsZmA_rgTDB-6TUDdvMjrVgIA-7gjPr_Uh=w40-h40-c-rp-mo-ba4-br100\" alt=\"Firminie Hoarau profile picture\" loading=\"lazy\"><\/trustindex-image> <\/div> <div class=\"ti-profile-details\"> <div class=\"ti-name\"> Firminie Hoarau <\/div> <div class=\"ti-date\"><\/div> <\/div> <\/div> <span class=\"ti-stars\"><trustindex-image class=\"ti-star\" data-imgurl=\"https:\/\/cdn.trustindex.io\/assets\/platform\/Google\/star\/f.svg\" alt=\"Google star 1\" width=\"17\" height=\"17\" loading=\"lazy\"><\/trustindex-image><trustindex-image class=\"ti-star\" data-imgurl=\"https:\/\/cdn.trustindex.io\/assets\/platform\/Google\/star\/f.svg\" alt=\"Google star 2\" width=\"17\" height=\"17\" loading=\"lazy\"><\/trustindex-image><trustindex-image class=\"ti-star\" data-imgurl=\"https:\/\/cdn.trustindex.io\/assets\/platform\/Google\/star\/f.svg\" alt=\"Google star 3\" width=\"17\" height=\"17\" loading=\"lazy\"><\/trustindex-image><trustindex-image class=\"ti-star\" data-imgurl=\"https:\/\/cdn.trustindex.io\/assets\/platform\/Google\/star\/f.svg\" alt=\"Google star 4\" width=\"17\" height=\"17\" loading=\"lazy\"><\/trustindex-image><trustindex-image class=\"ti-star\" data-imgurl=\"https:\/\/cdn.trustindex.io\/assets\/platform\/Google\/star\/f.svg\" alt=\"Google star 5\" width=\"17\" height=\"17\" loading=\"lazy\"><\/trustindex-image><span class=\"ti-verified-review ti-verified-platform\"><span class=\"ti-verified-tooltip\">Trustindex v\u00e9rifie que la source originale de l'avis est Google.<\/span><\/span><\/span> <div class=\"ti-review-text-container ti-review-content\"><!-- R-CONTENT -->Cette communaut\u00e9 d\u2019entraide d\u00e9di\u00e9e aux frontaliers en Suisse est d\u2019une grande qualit\u00e9. J\u2019appr\u00e9cie particuli\u00e8rement les \u00e9v\u00e9nements de networking organis\u00e9s ainsi que les conseils concrets partag\u00e9s pour mieux se positionner dans sa recherche d\u2019emploi.\nMaxime et Thomas sont extr\u00eamement investis et apportent un r\u00e9el soutien \u00e0 chacun, avec professionnalisme et bienveillance.\nJe recommande vivement d\u2019assister au moins une fois \u00e0 l\u2019une de leurs soir\u00e9es : vous en ressortirez enrichi et motiv\u00e9.<!-- R-CONTENT --><\/div> <span class=\"ti-read-more\" data-container=\".ti-review-content\" data-collapse-text=\"Cacher\" data-open-text=\"Lire la suite\"><\/span> <\/div> <\/div>  <div data-empty=\"0\" data-time=\"1769558400\" class=\"ti-review-item source-Google ti-image-layout-thumbnail\" data-id=\"cfcd208495d565ef66e7dff9f98764da\"> <div class=\"ti-inner\"> <div class=\"ti-review-header\"> <div class=\"ti-platform-icon ti-with-tooltip\"> <span class=\"ti-tooltip\">Publi\u00e9 sur <\/span> <trustindex-image data-imgurl=\"https:\/\/cdn.trustindex.io\/assets\/platform\/Google\/icon.svg\" alt=\"\" width=\"20\" height=\"20\" loading=\"lazy\"><\/trustindex-image> <\/div> <div class=\"ti-profile-img\"> <trustindex-image data-imgurl=\"https:\/\/lh3.googleusercontent.com\/a-\/ALV-UjVjCu39s9JqXVscenq3fskV9VphwBWU-sWAsD896jYYQ-j8CX5qEw=w40-h40-c-rp-mo-br100\" alt=\"Laura Chiappinelli profile picture\" loading=\"lazy\"><\/trustindex-image> <\/div> <div class=\"ti-profile-details\"> <div class=\"ti-name\"> Laura Chiappinelli <\/div> <div class=\"ti-date\"><\/div> <\/div> <\/div> <span class=\"ti-stars\"><trustindex-image class=\"ti-star\" data-imgurl=\"https:\/\/cdn.trustindex.io\/assets\/platform\/Google\/star\/f.svg\" alt=\"Google star 1\" width=\"17\" height=\"17\" loading=\"lazy\"><\/trustindex-image><trustindex-image class=\"ti-star\" data-imgurl=\"https:\/\/cdn.trustindex.io\/assets\/platform\/Google\/star\/f.svg\" alt=\"Google star 2\" width=\"17\" height=\"17\" loading=\"lazy\"><\/trustindex-image><trustindex-image class=\"ti-star\" data-imgurl=\"https:\/\/cdn.trustindex.io\/assets\/platform\/Google\/star\/f.svg\" alt=\"Google star 3\" width=\"17\" height=\"17\" loading=\"lazy\"><\/trustindex-image><trustindex-image class=\"ti-star\" data-imgurl=\"https:\/\/cdn.trustindex.io\/assets\/platform\/Google\/star\/f.svg\" alt=\"Google star 4\" width=\"17\" height=\"17\" loading=\"lazy\"><\/trustindex-image><trustindex-image class=\"ti-star\" data-imgurl=\"https:\/\/cdn.trustindex.io\/assets\/platform\/Google\/star\/f.svg\" alt=\"Google star 5\" width=\"17\" height=\"17\" loading=\"lazy\"><\/trustindex-image><span class=\"ti-verified-review ti-verified-platform\"><span class=\"ti-verified-tooltip\">Trustindex v\u00e9rifie que la source originale de l'avis est Google.<\/span><\/span><\/span> <div class=\"ti-review-text-container ti-review-content\"><!-- R-CONTENT -->Merci \u00e0 l\u2019\u00e9quipe pour leur professionnalisme et leur esprit d\u2019entraide afin de d\u00e9velopper un r\u00e9seau solide!<!-- R-CONTENT --><\/div> <span class=\"ti-read-more\" data-container=\".ti-review-content\" data-collapse-text=\"Cacher\" data-open-text=\"Lire la suite\"><\/span> <\/div> <\/div>  <div data-empty=\"1\" data-time=\"1768953600\" class=\"ti-review-item source-Google ti-image-layout-thumbnail\" data-id=\"cfcd208495d565ef66e7dff9f98764da\"> <div class=\"ti-inner\"> <div class=\"ti-review-header\"> <div class=\"ti-platform-icon ti-with-tooltip\"> <span class=\"ti-tooltip\">Publi\u00e9 sur <\/span> <trustindex-image data-imgurl=\"https:\/\/cdn.trustindex.io\/assets\/platform\/Google\/icon.svg\" alt=\"\" width=\"20\" height=\"20\" loading=\"lazy\"><\/trustindex-image> <\/div> <div class=\"ti-profile-img\"> <trustindex-image data-imgurl=\"https:\/\/lh3.googleusercontent.com\/a-\/ALV-UjUk9_R2N6JPwmI88gR09RW25WnxQO3dBmjVMgwU6sno5nRzmklp=w40-h40-c-rp-mo-br100\" alt=\"Jules HANITRINIAINA profile picture\" loading=\"lazy\"><\/trustindex-image> <\/div> <div class=\"ti-profile-details\"> <div class=\"ti-name\"> Jules HANITRINIAINA <\/div> <div class=\"ti-date\"><\/div> <\/div> <\/div> <span class=\"ti-stars\"><trustindex-image class=\"ti-star\" data-imgurl=\"https:\/\/cdn.trustindex.io\/assets\/platform\/Google\/star\/f.svg\" alt=\"Google star 1\" width=\"17\" height=\"17\" loading=\"lazy\"><\/trustindex-image><trustindex-image class=\"ti-star\" data-imgurl=\"https:\/\/cdn.trustindex.io\/assets\/platform\/Google\/star\/f.svg\" alt=\"Google star 2\" width=\"17\" height=\"17\" loading=\"lazy\"><\/trustindex-image><trustindex-image class=\"ti-star\" data-imgurl=\"https:\/\/cdn.trustindex.io\/assets\/platform\/Google\/star\/f.svg\" alt=\"Google star 3\" width=\"17\" height=\"17\" loading=\"lazy\"><\/trustindex-image><trustindex-image class=\"ti-star\" data-imgurl=\"https:\/\/cdn.trustindex.io\/assets\/platform\/Google\/star\/f.svg\" alt=\"Google star 4\" width=\"17\" height=\"17\" loading=\"lazy\"><\/trustindex-image><trustindex-image class=\"ti-star\" data-imgurl=\"https:\/\/cdn.trustindex.io\/assets\/platform\/Google\/star\/f.svg\" alt=\"Google star 5\" width=\"17\" height=\"17\" loading=\"lazy\"><\/trustindex-image><span class=\"ti-verified-review ti-verified-platform\"><span class=\"ti-verified-tooltip\">Trustindex v\u00e9rifie que la source originale de l'avis est Google.<\/span><\/span><\/span> <div class=\"ti-review-text-container ti-review-content\"><!-- R-CONTENT --><!-- R-CONTENT --><\/div> <span class=\"ti-read-more\" data-container=\".ti-review-content\" data-collapse-text=\"Cacher\" data-open-text=\"Lire la suite\"><\/span> <\/div> <\/div>  <div data-empty=\"0\" data-time=\"1768867200\" class=\"ti-review-item source-Google ti-image-layout-thumbnail\" data-id=\"cfcd208495d565ef66e7dff9f98764da\"> <div class=\"ti-inner\"> <div class=\"ti-review-header\"> <div class=\"ti-platform-icon ti-with-tooltip\"> <span class=\"ti-tooltip\">Publi\u00e9 sur <\/span> <trustindex-image data-imgurl=\"https:\/\/cdn.trustindex.io\/assets\/platform\/Google\/icon.svg\" alt=\"\" width=\"20\" height=\"20\" loading=\"lazy\"><\/trustindex-image> <\/div> <div class=\"ti-profile-img\"> <trustindex-image data-imgurl=\"https:\/\/lh3.googleusercontent.com\/a-\/ALV-UjXSrQrYp-Kzy9WECpPjXRDUOMFblMdlHEYl5DqaJVn1WYObTy2c6g=w40-h40-c-rp-mo-ba2-br100\" alt=\"cathy gidrol profile picture\" loading=\"lazy\"><\/trustindex-image> <\/div> <div class=\"ti-profile-details\"> <div class=\"ti-name\"> cathy gidrol <\/div> <div class=\"ti-date\"><\/div> <\/div> <\/div> <span class=\"ti-stars\"><trustindex-image class=\"ti-star\" data-imgurl=\"https:\/\/cdn.trustindex.io\/assets\/platform\/Google\/star\/f.svg\" alt=\"Google star 1\" width=\"17\" height=\"17\" loading=\"lazy\"><\/trustindex-image><trustindex-image class=\"ti-star\" data-imgurl=\"https:\/\/cdn.trustindex.io\/assets\/platform\/Google\/star\/f.svg\" alt=\"Google star 2\" width=\"17\" height=\"17\" loading=\"lazy\"><\/trustindex-image><trustindex-image class=\"ti-star\" data-imgurl=\"https:\/\/cdn.trustindex.io\/assets\/platform\/Google\/star\/f.svg\" alt=\"Google star 3\" width=\"17\" height=\"17\" loading=\"lazy\"><\/trustindex-image><trustindex-image class=\"ti-star\" data-imgurl=\"https:\/\/cdn.trustindex.io\/assets\/platform\/Google\/star\/f.svg\" alt=\"Google star 4\" width=\"17\" height=\"17\" loading=\"lazy\"><\/trustindex-image><trustindex-image class=\"ti-star\" data-imgurl=\"https:\/\/cdn.trustindex.io\/assets\/platform\/Google\/star\/f.svg\" alt=\"Google star 5\" width=\"17\" height=\"17\" loading=\"lazy\"><\/trustindex-image><span class=\"ti-verified-review ti-verified-platform\"><span class=\"ti-verified-tooltip\">Trustindex v\u00e9rifie que la source originale de l'avis est Google.<\/span><\/span><\/span> <div class=\"ti-review-text-container ti-review-content\"><!-- R-CONTENT -->Groupe tr\u00e8s int\u00e9ressant, avec une vraie dynamique d\u2019entraide.\nLes r\u00e9ponses de l\u2019administrateur, en particulier sur les sujets li\u00e9s \u00e0 l\u2019argent et \u00e0 l\u2019emploi, sont rapides, pr\u00e9cises et pertinentes.\nLes \u00e9changes sont respectueux et utiles.\nJe recommande.<!-- R-CONTENT --><\/div> <span class=\"ti-read-more\" data-container=\".ti-review-content\" data-collapse-text=\"Cacher\" data-open-text=\"Lire la suite\"><\/span> <\/div> <\/div>  <div data-empty=\"0\" data-time=\"1768867200\" class=\"ti-review-item source-Google ti-image-layout-thumbnail\" data-id=\"cfcd208495d565ef66e7dff9f98764da\"> <div class=\"ti-inner\"> <div class=\"ti-review-header\"> <div class=\"ti-platform-icon ti-with-tooltip\"> <span class=\"ti-tooltip\">Publi\u00e9 sur <\/span> <trustindex-image data-imgurl=\"https:\/\/cdn.trustindex.io\/assets\/platform\/Google\/icon.svg\" alt=\"\" width=\"20\" height=\"20\" loading=\"lazy\"><\/trustindex-image> <\/div> <div class=\"ti-profile-img\"> <trustindex-image data-imgurl=\"https:\/\/lh3.googleusercontent.com\/a-\/ALV-UjXTYzZIKFCKSx_wAUdZAPgvv3EkH3LyhSEnUnTwoYmhuaXnBhKc=w40-h40-c-rp-mo-br100\" alt=\"Lucie Bergeret profile picture\" loading=\"lazy\"><\/trustindex-image> <\/div> <div class=\"ti-profile-details\"> <div class=\"ti-name\"> Lucie Bergeret <\/div> <div class=\"ti-date\"><\/div> <\/div> <\/div> <span class=\"ti-stars\"><trustindex-image class=\"ti-star\" data-imgurl=\"https:\/\/cdn.trustindex.io\/assets\/platform\/Google\/star\/f.svg\" alt=\"Google star 1\" width=\"17\" height=\"17\" loading=\"lazy\"><\/trustindex-image><trustindex-image class=\"ti-star\" data-imgurl=\"https:\/\/cdn.trustindex.io\/assets\/platform\/Google\/star\/f.svg\" alt=\"Google star 2\" width=\"17\" height=\"17\" loading=\"lazy\"><\/trustindex-image><trustindex-image class=\"ti-star\" data-imgurl=\"https:\/\/cdn.trustindex.io\/assets\/platform\/Google\/star\/f.svg\" alt=\"Google star 3\" width=\"17\" height=\"17\" loading=\"lazy\"><\/trustindex-image><trustindex-image class=\"ti-star\" data-imgurl=\"https:\/\/cdn.trustindex.io\/assets\/platform\/Google\/star\/f.svg\" alt=\"Google star 4\" width=\"17\" height=\"17\" loading=\"lazy\"><\/trustindex-image><trustindex-image class=\"ti-star\" data-imgurl=\"https:\/\/cdn.trustindex.io\/assets\/platform\/Google\/star\/f.svg\" alt=\"Google star 5\" width=\"17\" height=\"17\" loading=\"lazy\"><\/trustindex-image><span class=\"ti-verified-review ti-verified-platform\"><span class=\"ti-verified-tooltip\">Trustindex v\u00e9rifie que la source originale de l'avis est Google.<\/span><\/span><\/span> <div class=\"ti-review-text-container ti-review-content\"><!-- R-CONTENT -->Plateforme tr\u00e8s utile et aidante :)<!-- R-CONTENT --><\/div> <span class=\"ti-read-more\" data-container=\".ti-review-content\" data-collapse-text=\"Cacher\" data-open-text=\"Lire la suite\"><\/span> <\/div> <\/div>  <div data-empty=\"0\" data-time=\"1768867200\" class=\"ti-review-item source-Google ti-image-layout-thumbnail\" data-id=\"cfcd208495d565ef66e7dff9f98764da\"> <div class=\"ti-inner\"> <div class=\"ti-review-header\"> <div class=\"ti-platform-icon ti-with-tooltip\"> <span class=\"ti-tooltip\">Publi\u00e9 sur <\/span> <trustindex-image data-imgurl=\"https:\/\/cdn.trustindex.io\/assets\/platform\/Google\/icon.svg\" alt=\"\" width=\"20\" height=\"20\" loading=\"lazy\"><\/trustindex-image> <\/div> <div class=\"ti-profile-img\"> <trustindex-image data-imgurl=\"https:\/\/lh3.googleusercontent.com\/a-\/ALV-UjVU2D8bQDyfOpi4CoISinjRU3zuk6xjeqLwgADe2dkAfkHlzsBV=w40-h40-c-rp-mo-ba2-br100\" alt=\"Aymeric Sadalski profile picture\" loading=\"lazy\"><\/trustindex-image> <\/div> <div class=\"ti-profile-details\"> <div class=\"ti-name\"> Aymeric Sadalski <\/div> <div class=\"ti-date\"><\/div> <\/div> <\/div> <span class=\"ti-stars\"><trustindex-image class=\"ti-star\" data-imgurl=\"https:\/\/cdn.trustindex.io\/assets\/platform\/Google\/star\/f.svg\" alt=\"Google star 1\" width=\"17\" height=\"17\" loading=\"lazy\"><\/trustindex-image><trustindex-image class=\"ti-star\" data-imgurl=\"https:\/\/cdn.trustindex.io\/assets\/platform\/Google\/star\/f.svg\" alt=\"Google star 2\" width=\"17\" height=\"17\" loading=\"lazy\"><\/trustindex-image><trustindex-image class=\"ti-star\" data-imgurl=\"https:\/\/cdn.trustindex.io\/assets\/platform\/Google\/star\/f.svg\" alt=\"Google star 3\" width=\"17\" height=\"17\" loading=\"lazy\"><\/trustindex-image><trustindex-image class=\"ti-star\" data-imgurl=\"https:\/\/cdn.trustindex.io\/assets\/platform\/Google\/star\/f.svg\" alt=\"Google star 4\" width=\"17\" height=\"17\" loading=\"lazy\"><\/trustindex-image><trustindex-image class=\"ti-star\" data-imgurl=\"https:\/\/cdn.trustindex.io\/assets\/platform\/Google\/star\/f.svg\" alt=\"Google star 5\" width=\"17\" height=\"17\" loading=\"lazy\"><\/trustindex-image><span class=\"ti-verified-review ti-verified-platform\"><span class=\"ti-verified-tooltip\">Trustindex v\u00e9rifie que la source originale de l'avis est Google.<\/span><\/span><\/span> <div class=\"ti-review-text-container ti-review-content\"><!-- R-CONTENT -->Communaut\u00e9 d'entraide super sympa et dynamique pour ceux qui recherchent du travail en Suisse en tant que frontalier, une bonne occasion de rencontrer des personnes qui partagent leurs exp\u00e9riences et vous donne de bons conseils \ud83d\udc4d\ud83c\udffb<!-- R-CONTENT --><\/div> <span class=\"ti-read-more\" data-container=\".ti-review-content\" data-collapse-text=\"Cacher\" data-open-text=\"Lire la suite\"><\/span> <\/div> <\/div>  <div data-empty=\"1\" data-time=\"1768867200\" class=\"ti-review-item source-Google ti-image-layout-thumbnail\" data-id=\"cfcd208495d565ef66e7dff9f98764da\"> <div class=\"ti-inner\"> <div class=\"ti-review-header\"> <div class=\"ti-platform-icon ti-with-tooltip\"> <span class=\"ti-tooltip\">Publi\u00e9 sur <\/span> <trustindex-image data-imgurl=\"https:\/\/cdn.trustindex.io\/assets\/platform\/Google\/icon.svg\" alt=\"\" width=\"20\" height=\"20\" loading=\"lazy\"><\/trustindex-image> <\/div> <div class=\"ti-profile-img\"> <trustindex-image data-imgurl=\"https:\/\/lh3.googleusercontent.com\/a-\/ALV-UjWAoM3QVS1IDXqqMerXwDAQUXEoJ1A95PP1yjJSCKsk4bsswKnwLA=w40-h40-c-rp-mo-br100\" alt=\"Marine NICOD profile picture\" loading=\"lazy\"><\/trustindex-image> <\/div> <div class=\"ti-profile-details\"> <div class=\"ti-name\"> Marine NICOD <\/div> <div class=\"ti-date\"><\/div> <\/div> <\/div> <span class=\"ti-stars\"><trustindex-image class=\"ti-star\" data-imgurl=\"https:\/\/cdn.trustindex.io\/assets\/platform\/Google\/star\/f.svg\" alt=\"Google star 1\" width=\"17\" height=\"17\" loading=\"lazy\"><\/trustindex-image><trustindex-image class=\"ti-star\" data-imgurl=\"https:\/\/cdn.trustindex.io\/assets\/platform\/Google\/star\/f.svg\" alt=\"Google star 2\" width=\"17\" height=\"17\" loading=\"lazy\"><\/trustindex-image><trustindex-image class=\"ti-star\" data-imgurl=\"https:\/\/cdn.trustindex.io\/assets\/platform\/Google\/star\/f.svg\" alt=\"Google star 3\" width=\"17\" height=\"17\" loading=\"lazy\"><\/trustindex-image><trustindex-image class=\"ti-star\" data-imgurl=\"https:\/\/cdn.trustindex.io\/assets\/platform\/Google\/star\/f.svg\" alt=\"Google star 4\" width=\"17\" height=\"17\" loading=\"lazy\"><\/trustindex-image><trustindex-image class=\"ti-star\" data-imgurl=\"https:\/\/cdn.trustindex.io\/assets\/platform\/Google\/star\/f.svg\" alt=\"Google star 5\" width=\"17\" height=\"17\" loading=\"lazy\"><\/trustindex-image><span class=\"ti-verified-review ti-verified-platform\"><span class=\"ti-verified-tooltip\">Trustindex v\u00e9rifie que la source originale de l'avis est Google.<\/span><\/span><\/span> <div class=\"ti-review-text-container ti-review-content\"><!-- R-CONTENT --><!-- R-CONTENT --><\/div> <span class=\"ti-read-more\" data-container=\".ti-review-content\" data-collapse-text=\"Cacher\" data-open-text=\"Lire la suite\"><\/span> <\/div> <\/div>  <div data-empty=\"1\" data-time=\"1768867200\" class=\"ti-review-item source-Google ti-image-layout-thumbnail\" data-id=\"cfcd208495d565ef66e7dff9f98764da\"> <div class=\"ti-inner\"> <div class=\"ti-review-header\"> <div class=\"ti-platform-icon ti-with-tooltip\"> <span class=\"ti-tooltip\">Publi\u00e9 sur <\/span> <trustindex-image data-imgurl=\"https:\/\/cdn.trustindex.io\/assets\/platform\/Google\/icon.svg\" alt=\"\" width=\"20\" height=\"20\" loading=\"lazy\"><\/trustindex-image> <\/div> <div class=\"ti-profile-img\"> <trustindex-image data-imgurl=\"https:\/\/lh3.googleusercontent.com\/a-\/ALV-UjWZUfixYPDCO29mOjKSRFIO0Ze5OH_TRoGfQffo8veyjL8HVtI=w40-h40-c-rp-mo-ba3-br100\" alt=\"Sana San profile picture\" loading=\"lazy\"><\/trustindex-image> <\/div> <div class=\"ti-profile-details\"> <div class=\"ti-name\"> Sana San <\/div> <div class=\"ti-date\"><\/div> <\/div> <\/div> <span class=\"ti-stars\"><trustindex-image class=\"ti-star\" data-imgurl=\"https:\/\/cdn.trustindex.io\/assets\/platform\/Google\/star\/f.svg\" alt=\"Google star 1\" width=\"17\" height=\"17\" loading=\"lazy\"><\/trustindex-image><trustindex-image class=\"ti-star\" data-imgurl=\"https:\/\/cdn.trustindex.io\/assets\/platform\/Google\/star\/f.svg\" alt=\"Google star 2\" width=\"17\" height=\"17\" loading=\"lazy\"><\/trustindex-image><trustindex-image class=\"ti-star\" data-imgurl=\"https:\/\/cdn.trustindex.io\/assets\/platform\/Google\/star\/f.svg\" alt=\"Google star 3\" width=\"17\" height=\"17\" loading=\"lazy\"><\/trustindex-image><trustindex-image class=\"ti-star\" data-imgurl=\"https:\/\/cdn.trustindex.io\/assets\/platform\/Google\/star\/f.svg\" alt=\"Google star 4\" width=\"17\" height=\"17\" loading=\"lazy\"><\/trustindex-image><trustindex-image class=\"ti-star\" data-imgurl=\"https:\/\/cdn.trustindex.io\/assets\/platform\/Google\/star\/f.svg\" alt=\"Google star 5\" width=\"17\" height=\"17\" loading=\"lazy\"><\/trustindex-image><span class=\"ti-verified-review ti-verified-platform\"><span class=\"ti-verified-tooltip\">Trustindex v\u00e9rifie que la source originale de l'avis est Google.<\/span><\/span><\/span> <div class=\"ti-review-text-container ti-review-content\"><!-- R-CONTENT --><!-- R-CONTENT --><\/div> <span class=\"ti-read-more\" data-container=\".ti-review-content\" data-collapse-text=\"Cacher\" data-open-text=\"Lire la suite\"><\/span> <\/div> <\/div>  <\/div> <div class=\"ti-controls-line\"> <div class=\"dot\"><\/div> <\/div>   <div class=\"ti-verified-by ti-verified-by-row\" data-style=\"2\"> <div class=\"ti-inner\"> Certifi\u00e9 par: Trustindex <span class=\"ti-info-icon\"><\/span> <div class=\"ti-disclaimer\">Le badge v\u00e9rifi\u00e9 de Trustindex est le symbole universel de confiance. Seules les meilleures entreprises peuvent obtenir le badge v\u00e9rifi\u00e9, avec une note sup\u00e9rieure \u00e0 4.5, bas\u00e9e sur les avis des clients au cours des derniers 12 mois. <a href=\"https:\/\/www.trustindex.io\/?a=sys&amp;c=wp-verified-badge&amp;url=\/the-trustindex-verified-badge\/\" target=\"_blank\" rel=\"noopener\">En savoir plus<\/a><\/div> <\/div> <\/div>  <\/div> <\/div> <\/div> <\/template><\/pre><div data-src=\"https:\/\/cdn.trustindex.io\/loader.js?wp-widget\" data-template-id=\"trustindex-google-widget-html\" data-css-url=\"https:\/\/helpfrontaliers.ch\/wp-content\/uploads\/trustindex-google-widget.css?1774543356\"><\/div><\/div>\n\t\t\t\t\t\t<\/div>\n\t\t\t\t<\/div>\n\t\t\t\t\t<\/div>\n\t\t\t\t<\/div>\n\t\t\t\t<\/div>","protected":false},"excerpt":{"rendered":"<p>Help Frontaliers : Guides et Conseils pour les Frontaliers France\u2013Suisse Bienvenue sur le centre de ressources de Help Frontaliers, votre plateforme d\u2019information d\u00e9di\u00e9e \u00e0 la vie transfrontali\u00e8re entre la France et la Suisse. Retrouvez ici des guides pratiques, des articles d\u00e9taill\u00e9s et des conseils experts pour vous aider dans toutes les \u00e9tapes de votre parcours [&hellip;]<\/p>\n","protected":false},"author":3,"featured_media":56555,"parent":0,"menu_order":0,"comment_status":"closed","ping_status":"closed","template":"","meta":{"footnotes":""},"class_list":["post-47050","page","type-page","status-publish","has-post-thumbnail","hentry"],"_links":{"self":[{"href":"https:\/\/helpfrontaliers.ch\/en\/wp-json\/wp\/v2\/pages\/47050","targetHints":{"allow":["GET"]}}],"collection":[{"href":"https:\/\/helpfrontaliers.ch\/en\/wp-json\/wp\/v2\/pages"}],"about":[{"href":"https:\/\/helpfrontaliers.ch\/en\/wp-json\/wp\/v2\/types\/page"}],"author":[{"embeddable":true,"href":"https:\/\/helpfrontaliers.ch\/en\/wp-json\/wp\/v2\/users\/3"}],"replies":[{"embeddable":true,"href":"https:\/\/helpfrontaliers.ch\/en\/wp-json\/wp\/v2\/comments?post=47050"}],"version-history":[{"count":3,"href":"https:\/\/helpfrontaliers.ch\/en\/wp-json\/wp\/v2\/pages\/47050\/revisions"}],"predecessor-version":[{"id":122328,"href":"https:\/\/helpfrontaliers.ch\/en\/wp-json\/wp\/v2\/pages\/47050\/revisions\/122328"}],"wp:featuredmedia":[{"embeddable":true,"href":"https:\/\/helpfrontaliers.ch\/en\/wp-json\/wp\/v2\/media\/56555"}],"wp:attachment":[{"href":"https:\/\/helpfrontaliers.ch\/en\/wp-json\/wp\/v2\/media?parent=47050"}],"curies":[{"name":"wp","href":"https:\/\/api.w.org\/{rel}","templated":true}]}}